{"id":109,"date":"2019-07-16T15:18:01","date_gmt":"2019-07-16T13:18:01","guid":{"rendered":"http:\/\/sosforetfrance.org\/?page_id=109"},"modified":"2026-01-05T15:00:12","modified_gmt":"2026-01-05T14:00:12","slug":"notre-vision","status":"publish","type":"page","link":"https:\/\/sosforetfrance.org\/index.php\/notre-vision\/","title":{"rendered":"Notre vision"},"content":{"rendered":"\n<h3 class=\"wp-block-heading\" id=\"la-foret-est-avant-tout-un-ecosysteme\">La for\u00eat est avant tout un \u00e9cosyst\u00e8me<\/h3>\n\n\n\n<p>Malgr\u00e9 un important couvert forestier, la d\u00e9gradation des for\u00eats fran\u00e7aises se poursuit&nbsp;: \u00e9rosion de la biodiversit\u00e9, surexploitation des massifs les plus rentables et les plus accessibles ou encore monoculture d\u2019arbres. Notre association affirme que la for\u00eat est avant tout un \u00e9cosyst\u00e8me et que ce constat doit constituer le socle de toute forme de gestion foresti\u00e8re qui doit donc viser un haut degr\u00e9 de naturalit\u00e9 avec des m\u00e9langes d\u2019essences, des \u00e2ges d\u2019exploitabilit\u00e9 \u00e9lev\u00e9s, un capital de bois sur pied soigneusement pr\u00e9serv\u00e9, et une vari\u00e9t\u00e9 d\u2019habitats associ\u00e9s aux for\u00eats (bois mort et s\u00e9nescent, milieux ouverts, lisi\u00e8res, mares\u2026).<\/p>\n\n\n\n<p>Nous consid\u00e9rons comme des impasses l\u2019opposition entre for\u00eats industrialis\u00e9es et for\u00eats sacralis\u00e9es, de m\u00eame que le retour en force d\u2019une vision agronomique de la for\u00eat.<\/p>\n\n\n\n<p>La culture foresti\u00e8re, originale parce que tourn\u00e9e vers des raisonnements et des objectifs \u00e0 tr\u00e8s long terme, doit s\u2019exprimer avec davantage de force dans notre soci\u00e9t\u00e9 confront\u00e9e \u00e0 une crise \u00e9cologique sans pr\u00e9c\u00e9dent. Toutes les forces naturelles \u00e0 l\u2019\u0153uvre dans l\u2019\u00e9cosyst\u00e8me forestier doivent \u00eatre respect\u00e9es, car elles seules apporteront la r\u00e9silience indispensable pour faire face aux changements globaux. Le r\u00f4le d\u00e9volu aux for\u00eats dans ce cadre, s\u2019\u00e9tend bien au-del\u00e0 des milieux forestiers, et concerne la biosph\u00e8re, et donc l\u2019homme et la soci\u00e9t\u00e9 tout enti\u00e8re.<\/p>\n\n\n\n<h3 class=\"wp-block-heading\" id=\"un-ecosysteme-ancre-dans-un-territoire\"><strong>Un \u00e9cosyst\u00e8me ancr\u00e9 dans un territoire\u2026<\/strong><\/h3>\n\n\n\n<p>La gestion foresti\u00e8re doit impliquer \nl\u2019ensemble de la population gr\u00e2ce \u00e0 un r\u00e9el partage de d\u00e9cisions qui \nsont essentielles pour l\u2019\u00e9quilibre de nos territoires et leur gestion \nsoutenable.<\/p>\n\n\n\n<p>Selon les r\u00e9gions et les terroirs, nos priorit\u00e9s portent sur les interfaces entre agriculture et for\u00eat (\u00e9levage, transhumance, \u00e9quilibre des populations de faune sauvage\u2026), la r\u00e9gulation des r\u00e9gimes hydriques (am\u00e9nagement des for\u00eats, abandon des coupes \u00e0 blanc\u2026), l\u2019accueil, l\u2019\u00e9ducation des jeunes g\u00e9n\u00e9rations et le partage des connaissances avec tous ceux qui portent un int\u00e9r\u00eat \u00e0 la for\u00eat.<br>Nous nous fixons comme objectif d\u2019\u00e9veiller une r\u00e9elle prise de conscience de la part de nos concitoyens \u00e0 l\u2019importance de ces sujets, \u00e0 commencer par celle des fonctions psychosociales fondamentales que remplissent les for\u00eats.<\/p>\n\n\n\n<p>En lieu et place de la sp\u00e9culation financi\u00e8re grandissante sur les ressources foresti\u00e8res, nous soutenons le d\u00e9veloppement des m\u00e9tiers de la for\u00eat, du b\u00fbcheronnage et du fa\u00e7onnage du bois, et des entreprises cr\u00e9ant de l\u2019emploi et de la valeur ajout\u00e9e \u00e0 partir d\u2019une ressource foresti\u00e8re locale.<\/p>\n\n\n\n<h3 class=\"wp-block-heading\" id=\"un-bien-commun-a-defendre-collectivement\"><strong>Un bien commun \u00e0 d\u00e9fendre collectivement\u2026<\/strong><\/h3>\n\n\n\n<p>Nous souhaitons agir aupr\u00e8s des d\u00e9cideurs et en contre pouvoir des int\u00e9r\u00eats financiers \u00e0 court terme. L&rsquo;association se donne les moyens de provoquer ou d\u2019accompagner des contre-expertises, par la mise en commun de l\u2019information et des comp\u00e9tences que d\u00e9tiennent ses membres. Les donn\u00e9es concernant les ressources foresti\u00e8res et l\u2019\u00e9valuation de divers sc\u00e9narios de gestion sont trop souvent n\u00e9glig\u00e9es ou tr\u00e8s mal interpr\u00e9t\u00e9es. Nous entendons porter ces informations aupr\u00e8s des d\u00e9cideurs impliqu\u00e9s dans l\u2019am\u00e9nagement des territoires.<\/p>\n\n\n\n<p>Les associations doivent \u00eatre reconnues comme partenaires dans les processus d\u00e9cisionnels, notamment dans le cadre des am\u00e9nagements forestiers.<br>\nL&rsquo;association SOS For\u00eat France agit pour faire progresser la l\u00e9gislation et les outils r\u00e9glementaires. Nous constatons que l\u2019\u00e9co-certification de la gestion \nforesti\u00e8re en France n\u2019a apport\u00e9 que peu de progr\u00e8s concrets, mais qu\u2019elle a en revanche contribu\u00e9 \u00e0 faire reculer l\u2019impact des outils et du contr\u00f4le r\u00e9glementaires. Il est grand temps pour nous de faire machine arri\u00e8re.<\/p>\n\n\n\n<p>Nous exigeons par ailleurs des garanties sur l\u2019ind\u00e9pendance des institutions foresti\u00e8res par rapport aux int\u00e9r\u00eats financiers.<br>L&rsquo;association est \u00e0 la disposition de ses membres pour susciter et documenter les actions en justice et recours qu\u2019ils engageraient en leur nom propre, et s\u2019engage \u00e0 soutenir ces d\u00e9marches par une mobilisation citoyenne. Un axe majeur de nos actions vise \u00e0 contrer les projets industriels d\u00e9mesur\u00e9s et d\u00e9connect\u00e9s de la ressource locale. Cela concerne notamment les projets \u00ab bois \u00e9nergie \u00bb et leurs m\u00e9canismes de soutien public.<\/p>\n\n\n\n<h3 class=\"wp-block-heading\" id=\"des-alternatives-a-promouvoir\"><strong>Des alternatives \u00e0 promouvoir\u2026<\/strong><\/h3>\n\n\n\n<p>Les membres du collectif mettent en commun les exemples de solutions concr\u00e8tes \u00e0 leurs sujets de pr\u00e9occupation. Ils sont soucieux que les efforts en mati\u00e8re de formation aux diff\u00e9rents m\u00e9tiers en lien avec la for\u00eat, soient r\u00e9ellement relanc\u00e9s, afin de pourvoir et de p\u00e9renniser les emplois n\u00e9cessaires \u00e0 tous les niveaux et dans les diff\u00e9rentes sp\u00e9cialit\u00e9s ayant trait \u00e0 la for\u00eat, au bois et dans le domaine de la protection de la nature. Ils r\u00e9fl\u00e9chissent et d\u00e9battent ensemble de modalit\u00e9s de gestion des activit\u00e9s gravitant autour de la for\u00eat qui concourent aux objectifs d\u00e9finis dans le pr\u00e9sent document.<\/p>\n\n\n\n<p>Puisqu\u2019elle se veut une force de contre-proposition, l&rsquo;association SOS For\u00eat France travaille \u00e0 rendre visibles les r\u00e9alisations qu\u2019elle soutient en mati\u00e8re notamment de sylviculture multifonctionnelle, de protection et gestion des habitats naturels, de retour \u00e0 plus de naturalit\u00e9 (retour des feuillus dans les grands massifs enr\u00e9sin\u00e9s), de d\u00e9bardage alternatif, de valorisation des produits, de groupements de propri\u00e9taires, etc.<\/p>\n\n\n\n<p>Cr\u00e9dibiliser ces r\u00e9alisations est au c\u0153ur de notre d\u00e9marche, par une validation technique, psycho sociale et \u00e9conomique du point de vue des usagers et utilisateurs des ressources foresti\u00e8res, mais aussi du point de vue souvent oubli\u00e9 des producteurs et propri\u00e9taires forestiers (\u00c9tat, collectivit\u00e9s, particuliers, b\u00fbcherons et entreprises de travaux forestiers).<\/p>\n\n\n\n<p>Nous entendons impliquer dans cette d\u00e9marche les enseignants (for\u00eat, g\u00e9ographie, technologie du bois\u2026), les forestiers publics et priv\u00e9s, les entrepreneurs et l\u2019ensemble des citoyens.<\/p>\n\n\n\n<p>L\u2019association SOS For\u00eat France, consciente de la r\u00e9surgence de la menace fasciste en France, veillera \u00e0 inscrire son action dans un principe de lutte antifasciste, respectant les valeurs et les principes fondamentaux traduits notamment par la devise r\u00e9publicaine <em>Libert\u00e9, \u00c9galit\u00e9, Fraternit\u00e9 <\/em>et l\u2019article 1<sup>er<\/sup> de la Constitution.<\/p>\n","protected":false},"excerpt":{"rendered":"<p>La for\u00eat est avant tout un \u00e9cosyst\u00e8me Malgr\u00e9 un important couvert forestier, la d\u00e9gradation des for\u00eats fran\u00e7aises se poursuit&nbsp;: \u00e9rosion de la biodiversit\u00e9, surexploitation des massifs les plus rentables et [&hellip;]<\/p>\n","protected":false},"author":1,"featured_media":7446,"parent":0,"menu_order":0,"comment_status":"closed","ping_status":"closed","template":"","meta":{"_acf_changed":false,"_gspb_post_css":"","_uag_custom_page_level_css":"","_EventAllDay":false,"_EventTimezone":"","_EventStartDate":"","_EventEndDate":"","_EventStartDateUTC":"","_EventEndDateUTC":"","_EventShowMap":false,"_EventShowMapLink":false,"_EventURL":"","_EventCost":"","_EventCostDescription":"","_EventCurrencySymbol":"","_EventCurrencyCode":"","_EventCurrencyPosition":"","_EventDateTimeSeparator":"","_EventTimeRangeSeparator":"","_EventOrganizerID":[],"_EventVenueID":[],"_OrganizerEmail":"","_OrganizerPhone":"","_OrganizerWebsite":"","_VenueAddress":"","_VenueCity":"","_VenueCountry":"","_VenueProvince":"","_VenueState":"","_VenueZip":"","_VenuePhone":"","_VenueURL":"","_VenueStateProvince":"","_VenueLat":"","_VenueLng":"","_VenueShowMap":false,"_VenueShowMapLink":false,"footnotes":""},"class_list":["post-109","page","type-page","status-publish","has-post-thumbnail","hentry"],"mb":[],"acf":[],"uagb_featured_image_src":{"full":["https:\/\/sosforetfrance.org\/wp-content\/uploads\/2024\/06\/foret-feuillus.jpg",800,450,false],"thumbnail":["https:\/\/sosforetfrance.org\/wp-content\/uploads\/2024\/06\/foret-feuillus-150x150.jpg",150,150,true],"medium":["https:\/\/sosforetfrance.org\/wp-content\/uploads\/2024\/06\/foret-feuillus-300x169.jpg",300,169,true],"medium_large":["https:\/\/sosforetfrance.org\/wp-content\/uploads\/2024\/06\/foret-feuillus-768x432.jpg",768,432,true],"large":["https:\/\/sosforetfrance.org\/wp-content\/uploads\/2024\/06\/foret-feuillus.jpg",800,450,false],"1536x1536":["https:\/\/sosforetfrance.org\/wp-content\/uploads\/2024\/06\/foret-feuillus.jpg",800,450,false],"2048x2048":["https:\/\/sosforetfrance.org\/wp-content\/uploads\/2024\/06\/foret-feuillus.jpg",800,450,false],"mailpoet_newsletter_max":["https:\/\/sosforetfrance.org\/wp-content\/uploads\/2024\/06\/foret-feuillus.jpg",800,450,false]},"uagb_author_info":{"display_name":"admin7534","author_link":"https:\/\/sosforetfrance.org\/author\/admin7534\/"},"uagb_comment_info":0,"uagb_excerpt":"La for\u00eat est avant tout un \u00e9cosyst\u00e8me Malgr\u00e9 un important couvert forestier, la d\u00e9gradation des for\u00eats fran\u00e7aises se poursuit&nbsp;: \u00e9rosion de la biodiversit\u00e9, surexploitation des massifs les plus rentables et [&hellip;]","mfb_rest_fields":["title","uagb_featured_image_src","uagb_author_info","uagb_comment_info","uagb_excerpt"],"_links":{"self":[{"href":"https:\/\/sosforetfrance.org\/index.php\/wp-json\/wp\/v2\/pages\/109","targetHints":{"allow":["GET"]}}],"collection":[{"href":"https:\/\/sosforetfrance.org\/index.php\/wp-json\/wp\/v2\/pages"}],"about":[{"href":"https:\/\/sosforetfrance.org\/index.php\/wp-json\/wp\/v2\/types\/page"}],"author":[{"embeddable":true,"href":"https:\/\/sosforetfrance.org\/index.php\/wp-json\/wp\/v2\/users\/1"}],"replies":[{"embeddable":true,"href":"https:\/\/sosforetfrance.org\/index.php\/wp-json\/wp\/v2\/comments?post=109"}],"version-history":[{"count":7,"href":"https:\/\/sosforetfrance.org\/index.php\/wp-json\/wp\/v2\/pages\/109\/revisions"}],"predecessor-version":[{"id":15165,"href":"https:\/\/sosforetfrance.org\/index.php\/wp-json\/wp\/v2\/pages\/109\/revisions\/15165"}],"wp:featuredmedia":[{"embeddable":true,"href":"https:\/\/sosforetfrance.org\/index.php\/wp-json\/wp\/v2\/media\/7446"}],"wp:attachment":[{"href":"https:\/\/sosforetfrance.org\/index.php\/wp-json\/wp\/v2\/media?parent=109"}],"curies":[{"name":"wp","href":"https:\/\/api.w.org\/{rel}","templated":true}]}}