{"id":1844,"date":"2021-07-28T10:43:07","date_gmt":"2021-07-28T08:43:07","guid":{"rendered":"https:\/\/sosforetfrance.org\/?page_id=1844"},"modified":"2021-10-04T11:34:02","modified_gmt":"2021-10-04T09:34:02","slug":"appel-pour-des-forets-vivantes","status":"publish","type":"page","link":"https:\/\/sosforetfrance.org\/index.php\/appel-pour-des-forets-vivantes\/","title":{"rendered":"Appel pour des for\u00eats vivantes"},"content":{"rendered":"\n<figure class=\"wp-block-image size-large\"><img loading=\"lazy\" decoding=\"async\" width=\"999\" height=\"701\" src=\"https:\/\/sosforetfrance.org\/wp-content\/uploads\/2021\/08\/Logo-couleur-1.png\" alt=\"\" class=\"wp-image-1885\" srcset=\"https:\/\/sosforetfrance.org\/wp-content\/uploads\/2021\/08\/Logo-couleur-1.png 999w, https:\/\/sosforetfrance.org\/wp-content\/uploads\/2021\/08\/Logo-couleur-1-300x211.png 300w, https:\/\/sosforetfrance.org\/wp-content\/uploads\/2021\/08\/Logo-couleur-1-768x539.png 768w\" sizes=\"auto, (max-width: 999px) 100vw, 999px\" \/><\/figure>\n\n\n\n<p><strong><strong>Les for\u00eats sont riches, diverses, complexes, bref&nbsp;: vivantes. Mais l\u2019industrie aimerait les transformer en monocultures d\u2019arbres bien align\u00e9s, faciles \u00e0 r\u00e9colter, ma\u00eetris\u00e9s. Le gouvernement ne s\u2019y oppose pas, il assume&nbsp;: \u00ab&nbsp;<em>une for\u00eat, \u00e7a se cultive, \u00e7a s\u2019exploite<\/em>&nbsp;\u00bb. Pendant ce temps, loin des minist\u00e8res, la r\u00e9sistance s\u2019organise. Partout en France, des hommes et des femmes, des collectifs et des associations s\u2019activent, inventent des alternatives et d\u00e9fendent les for\u00eats. Le temps est venu d\u2019unir ces forces, pour faire front commun contre l\u2019industrialisation des for\u00eats&nbsp;!<\/strong><\/strong><\/p>\n\n\n\n<p><\/p>\n\n\n\n<h4 class=\"wp-block-heading\"><a href=\"https:\/\/sosforetfrance.org\/index.php\/appel-pour-des-forets-vivantes-je-signe\/\">Signer l&rsquo;Appel<\/a><\/h4>\n\n\n\n<figure class=\"wp-block-image size-large\"><img loading=\"lazy\" decoding=\"async\" width=\"1024\" height=\"682\" src=\"https:\/\/sosforetfrance.org\/wp-content\/uploads\/2021\/08\/Hetre-houpier-1024x682.jpg\" alt=\"\" class=\"wp-image-1876\" srcset=\"https:\/\/sosforetfrance.org\/wp-content\/uploads\/2021\/08\/Hetre-houpier-1024x682.jpg 1024w, https:\/\/sosforetfrance.org\/wp-content\/uploads\/2021\/08\/Hetre-houpier-300x200.jpg 300w, https:\/\/sosforetfrance.org\/wp-content\/uploads\/2021\/08\/Hetre-houpier-768x511.jpg 768w, https:\/\/sosforetfrance.org\/wp-content\/uploads\/2021\/08\/Hetre-houpier-1536x1022.jpg 1536w, https:\/\/sosforetfrance.org\/wp-content\/uploads\/2021\/08\/Hetre-houpier-1320x879.jpg 1320w, https:\/\/sosforetfrance.org\/wp-content\/uploads\/2021\/08\/Hetre-houpier.jpg 1663w\" sizes=\"auto, (max-width: 1024px) 100vw, 1024px\" \/><\/figure>\n\n\n\n<h3 class=\"wp-block-heading\"><strong>Les for\u00eats sont devenues un champ de bataille en proie aux machines et \u00e0 l\u2019app\u00e9tit insatiable des industriels&nbsp;<\/strong><\/h3>\n\n\n\n<p>Partout, dans&nbsp;nos communes, d\u00e9partements et r\u00e9gions de France, nous voyons notre bien commun se faire malmener, les coupes rases et les monocultures se multiplier. C\u2019est un fait palpable que nous \u00e9prouvons au quotidien, une violence que nous ressentons dans notre chair. Le productivisme gagne nos massifs forestiers et plie le vivant aux r\u00e8gles du march\u00e9. Des paysages s\u00e9culaires sont d\u00e9vast\u00e9s parfois en quelques heures&#8230; Les arbres sont moissonn\u00e9s comme du bl\u00e9. Partout, les for\u00eats sont vues comme un gisement in\u00e9puisable que l\u2019industrie est appel\u00e9e \u00e0 exploiter et le bois comme un simple mat\u00e9riaux \u00e0 transformer&nbsp;<\/p>\n\n\n\n<p><strong>Depuis cinq ans, l\u2019action du gouvernement est d\u00e9plorable.<\/strong> Alors que la Convention citoyenne pour le climat avait \u00e9mis des propositions ambitieuses pour les for\u00eats, l\u2019Ex\u00e9cutif a tout fait pour s\u2019y opposer, en amoindrir la port\u00e9e et les vider de leur substance. Quant au <a href=\"https:\/\/reporterre.net\/Le-hold-up-des-planteurs-d-arbres-sur-le-plan-de-relance\" target=\"_blank\" rel=\"noreferrer noopener\">plan de relance<\/a>, il a capitul\u00e9 devant les lobbies des planteurs d\u2019arbres sans aucune contrepartie environnementale s\u00e9rieuse. Tout au long du quinquennat, il n\u2019a cess\u00e9 de d\u00e9manteler le service public. Plus de <a href=\"https:\/\/reporterre.net\/Les-effectifs-des-gardes-forestiers-sont-tailles-a-la-hache\" target=\"_blank\" rel=\"noreferrer noopener\">1 000 postes de travail ont \u00e9t\u00e9 supprim\u00e9s<\/a> \u00e0 l\u2019Office national des for\u00eats depuis 2017.<br>475 postes suppl\u00e9mentaires pourraient dispara\u00eetre au cours des cinq prochaines ann\u00e9es.<\/p>\n\n\n\n<p><strong><strong>Au sommet de l\u2019\u00c9tat, tout est verrouill\u00e9.<\/strong> <\/strong>Les solutions ne viendront pas d\u2019en haut. Seule une pression, \u00e0 la base, sur le terrain, pourra les faire plier. Dans les couloirs feutr\u00e9s des minist\u00e8res, les industriels d\u00e9ploient leur strat\u00e9gie \u00e0 coup de bulldozers. Le ministre de l\u2019Agriculture, Julien Denormandie, s\u2019en fait le porte-voix. Dans <a href=\"https:\/\/www.lemonde.fr\/planete\/article\/2021\/07\/10\/le-ministre-de-l-agriculture-rallie-le-camp-des-defenseurs-d-une-exploitation-intensive-des-forets_6087840_3244.html\" target=\"_blank\" rel=\"noreferrer noopener\">une lettre<\/a> adress\u00e9e \u00e0 la Commission europ\u00e9enne, il s\u2019est attrist\u00e9 de voir \u00ab&nbsp;<em>les for\u00eats r\u00e9duites \u00e0 des consid\u00e9rations environnementales en ne tenant pas compte des aspects socio-\u00e9conomiques<\/em>&nbsp;\u00bb. A l\u2019Assembl\u00e9e nationale, il a affirm\u00e9 qu\u2019&nbsp;\u00ab&nbsp;<em>une for\u00eat, \u00e7a se cultive, \u00e7a s\u2019exploite<\/em>&nbsp;\u00bb. Le gouvernement veut accro\u00eetre les pr\u00e9l\u00e8vements en for\u00eat de <a href=\"https:\/\/www.alternatives-economiques.fr\/france-veut-couper-arbres-couper-emissions\/00098486\" target=\"_blank\" rel=\"noreferrer noopener\">70&nbsp;% d\u2019ici 2050<\/a> et passer d\u2019environ 60&nbsp;millions de m\u00e8tres cubes de bois r\u00e9colt\u00e9s par an \u00e0 plus d\u2019une centaine de million. Nous savons ce que cela implique&nbsp;: une exploitation toujours plus accrue des for\u00eats et une intensification des coupes-rases.<\/p>\n\n\n\n<h3 class=\"wp-block-heading\"><strong>Nous ne voulons pas \u00eatre les spectateurs passifs de la destruction en cours<\/strong><\/h3>\n\n\n\n<p><strong>Il n\u2019y a aucune fatalit\u00e9 \u00e0 la situation actuelle et il ne tient qu\u2019\u00e0 nous d\u2019en inverser la tendance. <\/strong>Un grand mouvement populaire est&nbsp;en train de na\u00eetre autour de la d\u00e9fense des arbres. Apr\u00e8s avoir \u00e9t\u00e9 d\u00e9poss\u00e9d\u00e9.e.s de tout un pan du territoire national, des habitant.e.s, des citoyen.ne.s, des associations, des forestier.e.s ont d\u00e9cid\u00e9 de se le r\u00e9approprier. Nous refusons que les&nbsp; for\u00eats subissent \u00e0 leur tour la logique industrielle qui a ravag\u00e9 et ravage encore&nbsp; l\u2019agriculture, qui d\u00e9truit des m\u00e9tiers et des savoir-faire reconnus et appauvrit la biodiversit\u00e9.<\/p>\n\n\n\n<figure class=\"wp-block-image size-large\"><img loading=\"lazy\" decoding=\"async\" width=\"1024\" height=\"685\" src=\"https:\/\/sosforetfrance.org\/wp-content\/uploads\/2021\/08\/Coupe-rase1-2-1024x685.jpg\" alt=\"\" class=\"wp-image-1874\" srcset=\"https:\/\/sosforetfrance.org\/wp-content\/uploads\/2021\/08\/Coupe-rase1-2-1024x685.jpg 1024w, https:\/\/sosforetfrance.org\/wp-content\/uploads\/2021\/08\/Coupe-rase1-2-300x201.jpg 300w, https:\/\/sosforetfrance.org\/wp-content\/uploads\/2021\/08\/Coupe-rase1-2-768x514.jpg 768w, https:\/\/sosforetfrance.org\/wp-content\/uploads\/2021\/08\/Coupe-rase1-2.jpg 1225w\" sizes=\"auto, (max-width: 1024px) 100vw, 1024px\" \/><\/figure>\n\n\n\n<p><strong>Partout, localement, des r\u00e9sistances sont d\u00e9j\u00e0 \u00e0 l\u2019\u0153uvre<\/strong>. Des alternatives \u00e9closent, des alliances naissent. D\u2019autres imaginaires s\u2019inventent. Ici, on ach\u00e8te des for\u00eats pour les g\u00e9rer de mani\u00e8re soutenable ou les laisser en libre \u00e9volution. L\u00e0, on d\u00e9veloppe des circuits courts de la grume \u00e0 la poutre. L\u00e0-bas, on s\u2019oppose \u00e0 un projet de m\u00e9ga-scierie. Des associations s\u2019engagent pour faire bouger la loi, des forestiers parviennent \u00e0 s\u2019extraire de pratiques sylvicoles qu\u2019ils savent nocives pour se tourner vers une sylviculture douce, des habitant.e.s cr\u00e9ent des vigies citoyennes. Des personnels de l\u2019ONF se mettent aussi en gr\u00e8ve. Nos luttes sont multiples. Nos actions s\u2019enrichissent mutuellement. Elles font bruisser le monde que nous souhaitons voir advenir. Elles lui donnent corps.<\/p>\n\n\n\n<p><strong>Mais ce n\u2019est pas suffisant. Pour gagner, nous devons passer \u00e0 un cran sup\u00e9rieur, <\/strong>tisser la toile d\u2019un r\u00e9cit commun, constituer un front. Tout porte \u00e0 croire que c\u2019est maintenant ou jamais. Nos for\u00eats sont \u00e0 la crois\u00e9e des chemins.<\/p>\n\n\n\n<p><strong><strong>Nous appelons \u00e0 une ann\u00e9e de mobilisation pour les for\u00eats fran\u00e7aises.<\/strong> <\/strong>La&nbsp;question des for\u00eats ne concerne pas seulement l\u2019autre bout de la plan\u00e8te l\u2019Amazonie,&nbsp;la Sib\u00e9rie ou&nbsp;l\u2019Ouest Canadien qui sont touch\u00e9s par les grands feux ou la d\u00e9forestation. Elle se joue ici sur nos territoires, en bas de chez nous. Ici aussi, les cons\u00e9quences du r\u00e9chauffement climatique se font sentir, les s\u00e9cheresses repr\u00e9sentent une menace devenue r\u00e9alit\u00e9, les for\u00eats d\u00e9p\u00e9rissent et la vision extractiviste continue de se propager. Ici aussi, les indicateurs sont dans le rouge. L\u2019horizon se couvre.<strong> <strong>Il y a urgence \u00e0 agir.<\/strong><\/strong><\/p>\n\n\n\n<h3 class=\"wp-block-heading\"><meta charset=\"utf-8\"><a href=\"https:\/\/sosforetfrance.org\/index.php\/appel-pour-des-forets-vivantes-je-signe\/\"><meta charset=\"utf-8\"><meta charset=\"utf-8\">S<strong>igner l&rsquo;Appel<\/strong><\/a><\/h3>\n\n\n\n<h3 class=\"wp-block-heading\"><strong><a href=\"https:\/\/sosforetfrance.org\/index.php\/appel-pour-des-forets-vivantes-la-carte-des-mobilisations\/\" target=\"_blank\" rel=\"noreferrer noopener\">La carte des mobilisations en cours<\/a><\/strong><\/h3>\n\n\n\n<h3 class=\"has-text-align-center has-background wp-block-heading\" style=\"background-color:#fbc739\"><strong>Nous appelons chaque collectif et association engag\u00e9s dans les for\u00eats \u00e0 participer <\/strong><br><strong>\u00e0 une campagne nationale contre leur industrialisation.<\/strong><br>Celle-ci se d\u00e9roulera au cours des trois prochaines saisons, en trois temps. C\u2019est une premi\u00e8re \u00e9tape, le d\u00e9but d\u2019une lente mont\u00e9e de s\u00e8ve&nbsp;!<\/h3>\n\n\n\n<h4 class=\"wp-block-heading\"><a href=\"https:\/\/sosforetfrance.org\/index.php\/appel-pour-des-forets-vivantes-je-signe\/\">Signer l&rsquo;Appel<\/a><\/h4>\n\n\n\n<h3 class=\"wp-block-heading\">I<a href=\"https:\/\/sosforetfrance.org\/index.php\/appel-pour-des-forets-vivantes-je-propose-une-action\/\" target=\"_blank\" rel=\"noreferrer noopener\">nscrire une action<\/a><\/h3>\n\n\n\n<h2 class=\"wp-block-heading\"><a href=\"https:\/\/sosforetfrance.org\/index.php\/appel-pour-des-forets-vivantes-saison-1\/\" target=\"_blank\" rel=\"noreferrer noopener\"><strong>SAISON 1&nbsp;: En automne, nous ferons \u00e9clater <\/strong><br><strong>les couleurs chatoyantes de nos luttes&nbsp;!<\/strong><\/a><\/h2>\n\n\n\n<\/br>\n\n\n\n<h2 class=\"wp-block-heading\"><strong><a href=\"https:\/\/sosforetfrance.org\/index.php\/appel-pour-des-forets-vivantes-saison-2\/\" target=\"_blank\" rel=\"noreferrer noopener\">SAISON 2&nbsp;: En hiver, nous ferons fructifier nos imaginaires&nbsp;!<\/a><\/strong><\/h2>\n\n\n\n<p><\/p>\n\n\n\n<\/br>\n\n\n\n<h2 class=\"wp-block-heading\"><a href=\"https:\/\/sosforetfrance.org\/index.php\/appel-pour-des-forets-vivantes-saison-3\/\" target=\"_blank\" rel=\"noreferrer noopener\"><strong>SAISON 3&nbsp;: Au printemps, nous lancerons <\/strong><br><strong>une grande action d\u2019envergure&nbsp;!<\/strong><\/a><\/h2>\n\n\n\n<p><\/p>\n\n\n\n<\/br>\n\n\n\n<h2 class=\"has-text-align-center has-background wp-block-heading\" style=\"background-color:#fbc739\"><strong>Ce n\u2019est que le commencement.<\/strong> <br><strong>Les pr\u00e9mices d\u2019un mouvement.<\/strong><br><strong>Retrouvons-nous&nbsp;!<\/strong><\/h2>\n\n\n\n<h4 class=\"has-text-align-center wp-block-heading\"><strong>Pour nous contacter&nbsp;: <a href=\"mailto:pourdesforetsvivantes@riseup.net\">pourdesforetsvivantes@riseup.net<\/a><\/strong><\/h4>\n\n\n\n<h4 class=\"has-text-align-center wp-block-heading\"><a href=\"https:\/\/sosforetfrance.org\/index.php\/appel-pour-des-forets-vivantes-je-signe\/\">Signer l&rsquo;Appel<\/a><\/h4>\n\n\n\n<h4 class=\"has-text-align-center wp-block-heading\"><a href=\"https:\/\/framaforms.org\/appel-pour-des-forets-vivantes-1630952457\" target=\"_blank\" rel=\"noreferrer noopener\">Inscrire une action<\/a><\/h4>\n\n\n\n<h3 class=\"has-text-align-center wp-block-heading\">T\u00e9l\u00e9charger l&rsquo;appel en pdf :<\/h3>\n\n\n\n<div data-wp-interactive=\"core\/file\" class=\"wp-block-file\"><object data-wp-bind--hidden=\"!state.hasPdfPreview\" hidden class=\"wp-block-file__embed\" data=\"https:\/\/sosforetfrance.org\/wp-content\/uploads\/2021\/10\/APPEL-POUR-DES-FORETS-VIVANTES-3.pdf\" type=\"application\/pdf\" style=\"width:100%;height:600px\" aria-label=\"Contenu embarqu\u00e9 Contenu embarqu\u00e9 APPEL POUR DES FORETS VIVANTES 3..\"><\/object><a href=\"https:\/\/sosforetfrance.org\/wp-content\/uploads\/2021\/10\/APPEL-POUR-DES-FORETS-VIVANTES-3.pdf\">APPEL POUR DES FORETS VIVANTES 3<\/a><a href=\"https:\/\/sosforetfrance.org\/wp-content\/uploads\/2021\/10\/APPEL-POUR-DES-FORETS-VIVANTES-3.pdf\" class=\"wp-block-file__button\" download>T\u00e9l\u00e9charger<\/a><\/div>\n\n\n\n<h2 class=\"wp-block-heading\"><strong>Premiers signataires&nbsp;:<\/strong><\/h2>\n\n\n\n<p><a href=\"https:\/\/sosforetfrance.org\/index.php\/les-signataires-de-lappel\/\">SOS for\u00eat, R\u00e9seau pour les Alternatives Foresti\u00e8res, Canop\u00e9e For\u00eat vivante , Adret Morvan, Touche pas \u00e0 ma for\u00eat Pyr\u00e9n\u00e9es, Le syndicat de la Montagne Limousine, Groupe national de surveillance des arbres, Snupfen, Groupement forestier du chat sauvage, Abracadabois, Robin du bois, Sempervirens, GFC Lu picatau, Collectif Elz\u00e9ard &#8211; Lure en R\u00e9sistance, Autun Morvan \u00e9cologie, SOS for\u00eat, R\u00e9seau pour les Alternatives Foresti\u00e8res, Canop\u00e9e For\u00eat vivante , Adret Morvan, Touche pas \u00e0 ma for\u00eat Pyr\u00e9n\u00e9es, Le syndicat de la Montagne Limousine, Groupe national de surveillance des arbres, Snupfen, Groupement forestier du chat sauvage, Abracadabois, Robin du bois, Sempervirens, GFC Lu picatau, Collectif Elz\u00e9ard \u2013 Lure en R\u00e9sistance, Autun Morvan \u00e9cologie, Groupement forestier pour la sauvegarde des feuillus du Morvan, Recruedessences, Aux arbres d\u00e9chain\u00e9s, ACCOB (Association pour la Conservation du Cadre de vie d\u2019Oloron et Bager), R\u00e9seau Fran\u00e7ais de la Construction Paille, C\u0153ur de For\u00eat, M\u00e9sange et libellule, For\u00eat Citoyenne, Nemeton, Addoc, Amis de la nature de Luchon, ASPAS, Les amis de notre for\u00eat au Duc, Arpent, Adeny.<\/a><\/p>\n\n\n\n<h2 class=\"wp-block-heading\"><strong>Je signe&nbsp;:<\/strong><\/h2>\n\n\n\n  \n  \n  <div class=\"\n    mailpoet_form_popup_overlay\n      \"><\/div>\n  <div\n    id=\"mailpoet_form_6\"\n    class=\"\n      mailpoet_form\n      mailpoet_form_shortcode\n      mailpoet_form_position_\n      mailpoet_form_animation_\n    \"\n      >\n\n    <style type=\"text\/css\">\n     #mailpoet_form_6 .mailpoet_form {  }\n#mailpoet_form_6 .mailpoet_column_with_background { padding: 10px; }\n#mailpoet_form_6 .mailpoet_form_column:not(:first-child) { margin-left: 20px; }\n#mailpoet_form_6 .mailpoet_paragraph { line-height: 20px; margin-bottom: 20px; }\n#mailpoet_form_6 .mailpoet_segment_label, #mailpoet_form_6 .mailpoet_text_label, #mailpoet_form_6 .mailpoet_textarea_label, #mailpoet_form_6 .mailpoet_select_label, #mailpoet_form_6 .mailpoet_radio_label, #mailpoet_form_6 .mailpoet_checkbox_label, #mailpoet_form_6 .mailpoet_list_label, #mailpoet_form_6 .mailpoet_date_label { display: block; font-weight: normal; }\n#mailpoet_form_6 .mailpoet_text, #mailpoet_form_6 .mailpoet_textarea, #mailpoet_form_6 .mailpoet_select, #mailpoet_form_6 .mailpoet_date_month, #mailpoet_form_6 .mailpoet_date_day, #mailpoet_form_6 .mailpoet_date_year, #mailpoet_form_6 .mailpoet_date { display: block; }\n#mailpoet_form_6 .mailpoet_text, #mailpoet_form_6 .mailpoet_textarea { width: 200px; }\n#mailpoet_form_6 .mailpoet_checkbox {  }\n#mailpoet_form_6 .mailpoet_submit {  }\n#mailpoet_form_6 .mailpoet_divider {  }\n#mailpoet_form_6 .mailpoet_message {  }\n#mailpoet_form_6 .mailpoet_form_loading { width: 30px; text-align: center; line-height: normal; }\n#mailpoet_form_6 .mailpoet_form_loading > span { width: 5px; height: 5px; background-color: #5b5b5b; }#mailpoet_form_6{border-radius: 0px;text-align: left;}#mailpoet_form_6 form.mailpoet_form {padding: 20px;}#mailpoet_form_6{width: 100%;}#mailpoet_form_6 .mailpoet_message {margin: 0; padding: 0 20px;}#mailpoet_form_6 .mailpoet_paragraph.last {margin-bottom: 0} @media (max-width: 500px) {#mailpoet_form_6 {background-image: none;}} @media (min-width: 500px) {#mailpoet_form_6 .last .mailpoet_paragraph:last-child {margin-bottom: 0}}  @media (max-width: 500px) {#mailpoet_form_6 .mailpoet_form_column:last-child .mailpoet_paragraph:last-child {margin-bottom: 0}} \n    <\/style>\n\n    <form\n      target=\"_self\"\n      method=\"post\"\n      action=\"https:\/\/sosforetfrance.org\/wp-admin\/admin-post.php?action=mailpoet_subscription_form\"\n      class=\"mailpoet_form mailpoet_form_form mailpoet_form_shortcode\"\n      novalidate\n      data-delay=\"\"\n      data-exit-intent-enabled=\"\"\n      data-trigger-mode=\"\"\n      data-click-trigger-selector=\"\"\n      data-font-family=\"\"\n      data-cookie-expiration-time=\"\"\n    >\n      <input type=\"hidden\" name=\"data[form_id]\" value=\"6\" \/>\n      <input type=\"hidden\" name=\"token\" value=\"e891628f28\" \/>\n      <input type=\"hidden\" name=\"api_version\" value=\"v1\" \/>\n      <input type=\"hidden\" name=\"endpoint\" value=\"subscribers\" \/>\n      <input type=\"hidden\" name=\"mailpoet_method\" value=\"subscribe\" \/>\n\n      <label class=\"mailpoet_hp_email_label\" style=\"display: none !important;\">Veuillez laisser ce champ vide<input type=\"email\" name=\"data[email]\"\/><\/label><div class=\"mailpoet_form_image\"><figure class=\"size-large\"><img loading=\"lazy\" decoding=\"async\" width=\"1000\" height=\"1000\" src=\"https:\/\/sosforetfrance.org\/wp-content\/uploads\/2021\/08\/Logo-couleur.png\" alt class=\"wp-image-1884\" srcset=\"https:\/\/sosforetfrance.org\/wp-content\/uploads\/2021\/08\/Logo-couleur.png 1000w, https:\/\/sosforetfrance.org\/wp-content\/uploads\/2021\/08\/Logo-couleur-300x300.png 300w, https:\/\/sosforetfrance.org\/wp-content\/uploads\/2021\/08\/Logo-couleur-150x150.png 150w, https:\/\/sosforetfrance.org\/wp-content\/uploads\/2021\/08\/Logo-couleur-768x768.png 768w\"><\/figure><\/div>\n<p class=\"mailpoet_form_paragraph \" style=\"text-align: left\">Inscription de votre action dans le cadre de l'appel pour des for\u00eat vivants, le 16 ou 17 octobre de pr\u00e9f\u00e9rence. Vous pouvez cependant aussi inscrire une action qui se d\u00e9roule une autre date du mois d'octobre si le 16 ou 17 n'est pas possible.<\/p>\n<div class=\"mailpoet_paragraph \"><input type=\"text\" autocomplete=\"on\" class=\"mailpoet_text\" id=\"form_2_6\" name=\"data[cf_2]\" title=\"Nom de l&#039;association ou du collectif\" value=\"\" style=\"width:100%;box-sizing:border-box;padding:5px;margin: 0 auto 0 0;\"   placeholder=\"Nom de l&#039;association ou du collectif\" aria-label=\"Nom de l&#039;association ou du collectif\" data-parsley-errors-container=\".mailpoet_error_myrih\"\/><span class=\"mailpoet_error_myrih\"><\/span><\/div>\n<p class=\"mailpoet_form_paragraph \" style=\"text-align: left\">Je souhaite signer l'appel pour des for\u00eat vivantes (indiquer le nom de la personne qui engage l'association)<\/p>\n<div class=\"mailpoet_paragraph \"><input type=\"text\" autocomplete=\"family-name\" class=\"mailpoet_text\" id=\"form_last_name_6\" name=\"data[form_field_YzI4MmRjZWU5ZDIwX2xhc3RfbmFtZQ==]\" title=\"Nom\" value=\"\" style=\"width:100%;box-sizing:border-box;padding:5px;margin: 0 auto 0 0;\" data-automation-id=\"form_last_name\"  placeholder=\"Nom *\" aria-label=\"Nom *\" data-parsley-errors-container=\".mailpoet_error_qxrl4\" data-parsley-names='[&quot;Veuillez sp\u00e9cifier un nom valide.&quot;,&quot;Les adresses dans les noms ne sont pas autoris\u00e9es, veuillez ajouter votre nom \u00e0 la place.&quot;]' data-parsley-required=\"true\" required aria-required=\"true\" data-parsley-required-message=\"Ce champ est n\u00e9cessaire.\"\/><span class=\"mailpoet_error_qxrl4\"><\/span><\/div>\n<div class=\"mailpoet_paragraph \"><input type=\"text\" autocomplete=\"given-name\" class=\"mailpoet_text\" id=\"form_first_name_6\" name=\"data[form_field_MmEyOTRmMWYyNGU1X2ZpcnN0X25hbWU=]\" title=\"Pr\u00e9nom\" value=\"\" style=\"width:100%;box-sizing:border-box;padding:5px;margin: 0 auto 0 0;\" data-automation-id=\"form_first_name\"  placeholder=\"Pr\u00e9nom *\" aria-label=\"Pr\u00e9nom *\" data-parsley-errors-container=\".mailpoet_error_5sit9\" data-parsley-names='[&quot;Veuillez sp\u00e9cifier un nom valide.&quot;,&quot;Les adresses dans les noms ne sont pas autoris\u00e9es, veuillez ajouter votre nom \u00e0 la place.&quot;]' data-parsley-required=\"true\" required aria-required=\"true\" data-parsley-required-message=\"Ce champ est n\u00e9cessaire.\"\/><span class=\"mailpoet_error_5sit9\"><\/span><\/div>\n<div class=\"mailpoet_paragraph \"><input type=\"text\" autocomplete=\"on\" class=\"mailpoet_text\" id=\"form_1_6\" name=\"data[cf_1]\" title=\"Code postal\" value=\"\" style=\"width:100%;box-sizing:border-box;padding:5px;margin: 0 auto 0 0;\"   placeholder=\"Code postal *\" aria-label=\"Code postal *\" data-parsley-errors-container=\".mailpoet_error_62qrv\" data-parsley-required=\"true\" required aria-required=\"true\" data-parsley-required-message=\"Ce champ est n\u00e9cessaire.\" data-parsley-type=\"number\" data-parsley-error-message=\"Cette valeur doit \u00eatre un nombre valide.\"\/><span class=\"mailpoet_error_62qrv\"><\/span><\/div>\n<div class=\"mailpoet_paragraph \"><input type=\"email\" autocomplete=\"email\" class=\"mailpoet_text\" id=\"form_email_6\" name=\"data[form_field_OWQwOWMxN2MyMzY5X2VtYWls]\" title=\"Adresse e-mail\" value=\"\" style=\"width:100%;box-sizing:border-box;padding:5px;margin: 0 auto 0 0;\" data-automation-id=\"form_email\"  placeholder=\"Adresse e-mail *\" aria-label=\"Adresse e-mail *\" data-parsley-errors-container=\".mailpoet_error_xq2iq\" data-parsley-required=\"true\" required aria-required=\"true\" data-parsley-minlength=\"6\" data-parsley-maxlength=\"150\" data-parsley-type-message=\"Cette valeur doit \u00eatre un e-mail valide.\" data-parsley-required-message=\"Ce champ est n\u00e9cessaire.\"\/><span class=\"mailpoet_error_xq2iq\"><\/span><\/div>\n<p class=\"mailpoet_form_paragraph \" style=\"text-align: left\"><\/p>\n<div class=\"mailpoet_paragraph \"><fieldset><legend class=\"mailpoet_segment_label\" >S\u00e9lectionner l&#039;option choisie :<\/legend><label class=\"mailpoet_checkbox_label\" for=\"mailpoet_segment_1\" ><input type=\"checkbox\" class=\"mailpoet_checkbox\" id=\"mailpoet_segment_1\" name=\"data[form_field_MjgzZDM0YmIzYzE5X3NlZ21lbnRz][]\" value=\"13\"  data-parsley-errors-container=\".mailpoet_error_1bjn3\" data-parsley-required=\"true\" required aria-required=\"true\" data-parsley-group=\"segments\" data-parsley-required-message=\"Veuillez s\u00e9lectionner une liste.\" \/> Je souhaite \u00eatre tenu inform\u00e9 des suites de l&#039;Appel<\/label><label class=\"mailpoet_checkbox_label\" for=\"mailpoet_segment_2\" ><input type=\"checkbox\" class=\"mailpoet_checkbox\" id=\"mailpoet_segment_2\" name=\"data[form_field_MjgzZDM0YmIzYzE5X3NlZ21lbnRz][]\" value=\"12\"  data-parsley-errors-container=\".mailpoet_error_1bjn3\" data-parsley-required=\"true\" required aria-required=\"true\" data-parsley-group=\"segments\" data-parsley-required-message=\"Veuillez s\u00e9lectionner une liste.\" \/> Je souhaite ne pas \u00eatre tenu inform\u00e9 des suites de l&#039;Appel<\/label><span class=\"mailpoet_error_1bjn3\"><\/span><\/fieldset><\/div>\n<p class=\"mailpoet_form_paragraph \" style=\"text-align: left\">En m'inscrivant \u00e0 l'Appel pour des for\u00eats vivantes, le nom de mon association ou de mon collectif sera publi\u00e9 comme signataire de l'appel sur le site internet et \u00e9ventuellement sur des publications relayant l'Appel.<\/p>\n<div class=\"mailpoet_paragraph \"><input type=\"submit\" class=\"mailpoet_submit\" value=\"Je m\u2019inscris\" data-automation-id=\"subscribe-submit-button\" style=\"width:100%;box-sizing:border-box;padding:5px;margin: 0 auto 0 0;border-color:transparent;\" \/><span class=\"mailpoet_form_loading\"><span class=\"mailpoet_bounce1\"><\/span><span class=\"mailpoet_bounce2\"><\/span><span class=\"mailpoet_bounce3\"><\/span><\/span><\/div>\n\n      <div class=\"mailpoet_message\">\n        <p class=\"mailpoet_validate_success\"\n                style=\"display:none;\"\n                >V\u00e9rifiez votre boite de r\u00e9ception ou votre r\u00e9pertoire d\u2019ind\u00e9sirables pour confirmer votre abonnement.\n        <\/p>\n        <p class=\"mailpoet_validate_error\"\n                style=\"display:none;\"\n                >        <\/p>\n      <\/div>\n    <\/form>\n\n      <\/div>\n\n  \n","protected":false},"excerpt":{"rendered":"<p>Les for\u00eats sont riches, diverses, complexes, bref&nbsp;: vivantes. Mais l\u2019industrie aimerait les transformer en monocultures d\u2019arbres bien align\u00e9s, faciles \u00e0 r\u00e9colter, ma\u00eetris\u00e9s. Le gouvernement ne s\u2019y oppose pas, il assume&nbsp;: [&hellip;]<\/p>\n","protected":false},"author":1,"featured_media":1876,"parent":0,"menu_order":0,"comment_status":"closed","ping_status":"closed","template":"","meta":{"_acf_changed":false,"_gspb_post_css":"","_uag_custom_page_level_css":"","_EventAllDay":false,"_EventTimezone":"","_EventStartDate":"","_EventEndDate":"","_EventStartDateUTC":"","_EventEndDateUTC":"","_EventShowMap":false,"_EventShowMapLink":false,"_EventURL":"","_EventCost":"","_EventCostDescription":"","_EventCurrencySymbol":"","_EventCurrencyCode":"","_EventCurrencyPosition":"","_EventDateTimeSeparator":"","_EventTimeRangeSeparator":"","_EventOrganizerID":[],"_EventVenueID":[],"_OrganizerEmail":"","_OrganizerPhone":"","_OrganizerWebsite":"","_VenueAddress":"","_VenueCity":"","_VenueCountry":"","_VenueProvince":"","_VenueState":"","_VenueZip":"","_VenuePhone":"","_VenueURL":"","_VenueStateProvince":"","_VenueLat":"","_VenueLng":"","_VenueShowMap":false,"_VenueShowMapLink":false,"footnotes":""},"class_list":["post-1844","page","type-page","status-publish","has-post-thumbnail","hentry"],"mb":[],"acf":[],"uagb_featured_image_src":{"full":["https:\/\/sosforetfrance.org\/wp-content\/uploads\/2021\/08\/Hetre-houpier.jpg",1663,1107,false],"thumbnail":["https:\/\/sosforetfrance.org\/wp-content\/uploads\/2021\/08\/Hetre-houpier-150x150.jpg",150,150,true],"medium":["https:\/\/sosforetfrance.org\/wp-content\/uploads\/2021\/08\/Hetre-houpier-300x200.jpg",300,200,true],"medium_large":["https:\/\/sosforetfrance.org\/wp-content\/uploads\/2021\/08\/Hetre-houpier-768x511.jpg",768,511,true],"large":["https:\/\/sosforetfrance.org\/wp-content\/uploads\/2021\/08\/Hetre-houpier-1024x682.jpg",1024,682,true],"1536x1536":["https:\/\/sosforetfrance.org\/wp-content\/uploads\/2021\/08\/Hetre-houpier-1536x1022.jpg",1536,1022,true],"2048x2048":["https:\/\/sosforetfrance.org\/wp-content\/uploads\/2021\/08\/Hetre-houpier.jpg",1663,1107,false],"mailpoet_newsletter_max":["https:\/\/sosforetfrance.org\/wp-content\/uploads\/2021\/08\/Hetre-houpier-1320x879.jpg",1320,879,true]},"uagb_author_info":{"display_name":"admin7534","author_link":"https:\/\/sosforetfrance.org\/author\/admin7534\/"},"uagb_comment_info":0,"uagb_excerpt":"Les for\u00eats sont riches, diverses, complexes, bref&nbsp;: vivantes. Mais l\u2019industrie aimerait les transformer en monocultures d\u2019arbres bien align\u00e9s, faciles \u00e0 r\u00e9colter, ma\u00eetris\u00e9s. Le gouvernement ne s\u2019y oppose pas, il assume&nbsp;: [&hellip;]","mfb_rest_fields":["title","uagb_featured_image_src","uagb_author_info","uagb_comment_info","uagb_excerpt"],"_links":{"self":[{"href":"https:\/\/sosforetfrance.org\/index.php\/wp-json\/wp\/v2\/pages\/1844","targetHints":{"allow":["GET"]}}],"collection":[{"href":"https:\/\/sosforetfrance.org\/index.php\/wp-json\/wp\/v2\/pages"}],"about":[{"href":"https:\/\/sosforetfrance.org\/index.php\/wp-json\/wp\/v2\/types\/page"}],"author":[{"embeddable":true,"href":"https:\/\/sosforetfrance.org\/index.php\/wp-json\/wp\/v2\/users\/1"}],"replies":[{"embeddable":true,"href":"https:\/\/sosforetfrance.org\/index.php\/wp-json\/wp\/v2\/comments?post=1844"}],"version-history":[{"count":0,"href":"https:\/\/sosforetfrance.org\/index.php\/wp-json\/wp\/v2\/pages\/1844\/revisions"}],"wp:featuredmedia":[{"embeddable":true,"href":"https:\/\/sosforetfrance.org\/index.php\/wp-json\/wp\/v2\/media\/1876"}],"wp:attachment":[{"href":"https:\/\/sosforetfrance.org\/index.php\/wp-json\/wp\/v2\/media?parent=1844"}],"curies":[{"name":"wp","href":"https:\/\/api.w.org\/{rel}","templated":true}]}}