{"id":269,"date":"2019-09-04T23:38:12","date_gmt":"2019-09-04T21:38:12","guid":{"rendered":"http:\/\/sosforetfrance.org\/?page_id=269"},"modified":"2019-10-21T20:46:27","modified_gmt":"2019-10-21T18:46:27","slug":"programme-des-assises-2019","status":"publish","type":"page","link":"https:\/\/sosforetfrance.org\/index.php\/programme-des-assises-2019\/","title":{"rendered":"Assises : le programme"},"content":{"rendered":"\n<p>Le programme en pdf :<\/p>\n\n\n\n[gview file=\u00a0\u00bbhttp:\/\/sosforetfrance.org\/wp-content\/uploads\/2019\/10\/programme-Assises-OK-v10.pdf\u00a0\u00bb]\n\n\n\n<h3 class=\"wp-block-heading\">Pour financer les assises nous avons besoin de votre aide :<\/h3>\n\n\n\n<p>La Fondation Charles L\u00e9opold Mayer soutient SOS for\u00eat en nous accueillant sur son site de La bergerie de Villarceaux. Ils nous offrent \u00e9galement l&rsquo;h\u00e9bergement et les repas. Cependant de nombreux frais restent \u00e0 couvrir pour que ces assises puissent \u00eatre un succ\u00e8s et portent leurs fruits. Merci pour ceux qui peuvent de contribuer financi\u00e8rement \u00e0 cette action collective importante pour la for\u00eat Fran\u00e7aise.<\/p>\n\n\n\n<iframe id=\"haWidget\" allowtransparency=\"true\" src=\"https:\/\/www.helloasso.com\/associations\/a-c-s-f-les-amis-du-collectif-sos-foret-france\/formulaires\/1\/widget-bouton\" style=\"width:100%;height:70px;border:none;\"><\/iframe><div style=\"width:100%;text-align:center;\">Propuls\u00e9 par <a href=\"https:\/\/www.helloasso.com\" rel=\"nofollow noopener\" target=\"_blank\">HelloAsso<\/a><\/div>\n","protected":false},"excerpt":{"rendered":"<p>Le programme en pdf : [gview file=\u00a0\u00bbhttp:\/\/sosforetfrance.org\/wp-content\/uploads\/2019\/10\/programme-Assises-OK-v10.pdf\u00a0\u00bb] Pour financer les assises nous avons besoin de votre aide : La Fondation Charles L\u00e9opold Mayer soutient SOS for\u00eat en nous accueillant sur [&hellip;]<\/p>\n","protected":false},"author":1,"featured_media":0,"parent":0,"menu_order":0,"comment_status":"closed","ping_status":"closed","template":"","meta":{"_acf_changed":false,"_gspb_post_css":"","_uag_custom_page_level_css":"","_EventAllDay":false,"_EventTimezone":"","_EventStartDate":"","_EventEndDate":"","_EventStartDateUTC":"","_EventEndDateUTC":"","_EventShowMap":false,"_EventShowMapLink":false,"_EventURL":"","_EventCost":"","_EventCostDescription":"","_EventCurrencySymbol":"","_EventCurrencyCode":"","_EventCurrencyPosition":"","_EventDateTimeSeparator":"","_EventTimeRangeSeparator":"","_EventOrganizerID":[],"_EventVenueID":[],"_OrganizerEmail":"","_OrganizerPhone":"","_OrganizerWebsite":"","_VenueAddress":"","_VenueCity":"","_VenueCountry":"","_VenueProvince":"","_VenueState":"","_VenueZip":"","_VenuePhone":"","_VenueURL":"","_VenueStateProvince":"","_VenueLat":"","_VenueLng":"","_VenueShowMap":false,"_VenueShowMapLink":false,"footnotes":""},"class_list":["post-269","page","type-page","status-publish","hentry"],"mb":[],"acf":[],"uagb_featured_image_src":{"full":false,"thumbnail":false,"medium":false,"medium_large":false,"large":false,"1536x1536":false,"2048x2048":false,"mailpoet_newsletter_max":false},"uagb_author_info":{"display_name":"admin7534","author_link":"https:\/\/sosforetfrance.org\/author\/admin7534\/"},"uagb_comment_info":0,"uagb_excerpt":"Le programme en pdf : [gview file=\u00a0\u00bbhttp:\/\/sosforetfrance.org\/wp-content\/uploads\/2019\/10\/programme-Assises-OK-v10.pdf\u00a0\u00bb] Pour financer les assises nous avons besoin de votre aide : La Fondation Charles L\u00e9opold Mayer soutient SOS for\u00eat en nous accueillant sur [&hellip;]","mfb_rest_fields":["title","uagb_featured_image_src","uagb_author_info","uagb_comment_info","uagb_excerpt"],"_links":{"self":[{"href":"https:\/\/sosforetfrance.org\/index.php\/wp-json\/wp\/v2\/pages\/269","targetHints":{"allow":["GET"]}}],"collection":[{"href":"https:\/\/sosforetfrance.org\/index.php\/wp-json\/wp\/v2\/pages"}],"about":[{"href":"https:\/\/sosforetfrance.org\/index.php\/wp-json\/wp\/v2\/types\/page"}],"author":[{"embeddable":true,"href":"https:\/\/sosforetfrance.org\/index.php\/wp-json\/wp\/v2\/users\/1"}],"replies":[{"embeddable":true,"href":"https:\/\/sosforetfrance.org\/index.php\/wp-json\/wp\/v2\/comments?post=269"}],"version-history":[{"count":0,"href":"https:\/\/sosforetfrance.org\/index.php\/wp-json\/wp\/v2\/pages\/269\/revisions"}],"wp:attachment":[{"href":"https:\/\/sosforetfrance.org\/index.php\/wp-json\/wp\/v2\/media?parent=269"}],"curies":[{"name":"wp","href":"https:\/\/api.w.org\/{rel}","templated":true}]}}