{"id":388,"date":"2019-09-27T02:30:21","date_gmt":"2019-09-27T00:30:21","guid":{"rendered":"http:\/\/sosforetfrance.org\/?page_id=388"},"modified":"2020-01-20T19:54:34","modified_gmt":"2020-01-20T18:54:34","slug":"la-marche-citoyenne-en-foret-de-fontainebleau","status":"publish","type":"page","link":"https:\/\/sosforetfrance.org\/index.php\/la-marche-citoyenne-en-foret-de-fontainebleau\/","title":{"rendered":"La marche citoyenne en for\u00eat de Fontainebleau"},"content":{"rendered":"\n<ul class=\"wp-block-gallery columns-4 is-cropped wp-block-gallery-1 is-layout-flex wp-block-gallery-is-layout-flex\"><li class=\"blocks-gallery-item\"><figure><a href=\"https:\/\/sosforetfrance.org\/wp-content\/uploads\/2020\/01\/Fontainebleau1.jpg\"><img loading=\"lazy\" decoding=\"async\" width=\"802\" height=\"451\" src=\"https:\/\/sosforetfrance.org\/wp-content\/uploads\/2020\/01\/Fontainebleau1.jpg\" alt=\"\" data-id=\"794\" data-link=\"https:\/\/sosforetfrance.org\/index.php\/la-marche-citoyenne-en-foret-de-fontainebleau\/fontainebleau1\/\" class=\"wp-image-794\" srcset=\"https:\/\/sosforetfrance.org\/wp-content\/uploads\/2020\/01\/Fontainebleau1.jpg 802w, https:\/\/sosforetfrance.org\/wp-content\/uploads\/2020\/01\/Fontainebleau1-300x169.jpg 300w, https:\/\/sosforetfrance.org\/wp-content\/uploads\/2020\/01\/Fontainebleau1-768x432.jpg 768w, https:\/\/sosforetfrance.org\/wp-content\/uploads\/2020\/01\/Fontainebleau1-350x197.jpg 350w\" sizes=\"auto, (max-width: 802px) 100vw, 802px\" \/><\/a><figcaption>D\u00e9part de la Marche&#8230;<\/figcaption><\/figure><\/li><li class=\"blocks-gallery-item\"><figure><a href=\"https:\/\/sosforetfrance.org\/wp-content\/uploads\/2020\/01\/fontainebleau2.jpg\"><img loading=\"lazy\" decoding=\"async\" width=\"836\" height=\"470\" src=\"https:\/\/sosforetfrance.org\/wp-content\/uploads\/2020\/01\/fontainebleau2.jpg\" alt=\"\" data-id=\"795\" data-link=\"https:\/\/sosforetfrance.org\/index.php\/la-marche-citoyenne-en-foret-de-fontainebleau\/fontainebleau2\/\" class=\"wp-image-795\" srcset=\"https:\/\/sosforetfrance.org\/wp-content\/uploads\/2020\/01\/fontainebleau2.jpg 836w, https:\/\/sosforetfrance.org\/wp-content\/uploads\/2020\/01\/fontainebleau2-300x169.jpg 300w, https:\/\/sosforetfrance.org\/wp-content\/uploads\/2020\/01\/fontainebleau2-768x432.jpg 768w, https:\/\/sosforetfrance.org\/wp-content\/uploads\/2020\/01\/fontainebleau2-350x197.jpg 350w\" sizes=\"auto, (max-width: 836px) 100vw, 836px\" \/><\/a><figcaption>Interventions&#8230;<\/figcaption><\/figure><\/li><li class=\"blocks-gallery-item\"><figure><a href=\"https:\/\/sosforetfrance.org\/wp-content\/uploads\/2020\/01\/Photo1-576x1024.jpg\"><img loading=\"lazy\" decoding=\"async\" width=\"576\" height=\"1024\" src=\"https:\/\/sosforetfrance.org\/wp-content\/uploads\/2020\/01\/Photo1-576x1024.jpg\" alt=\"\" data-id=\"787\" data-link=\"https:\/\/sosforetfrance.org\/index.php\/la-marche-citoyenne-en-foret-de-fontainebleau\/photo1\/\" class=\"wp-image-787\" srcset=\"https:\/\/sosforetfrance.org\/wp-content\/uploads\/2020\/01\/Photo1-576x1024.jpg 576w, https:\/\/sosforetfrance.org\/wp-content\/uploads\/2020\/01\/Photo1-169x300.jpg 169w, https:\/\/sosforetfrance.org\/wp-content\/uploads\/2020\/01\/Photo1-197x350.jpg 197w, https:\/\/sosforetfrance.org\/wp-content\/uploads\/2020\/01\/Photo1.jpg 609w\" sizes=\"auto, (max-width: 576px) 100vw, 576px\" \/><\/a><figcaption>Mathilde Panot&#8230;<\/figcaption><\/figure><\/li><li class=\"blocks-gallery-item\"><figure><a href=\"https:\/\/sosforetfrance.org\/wp-content\/uploads\/2020\/01\/photo2-576x1024.jpg\"><img loading=\"lazy\" decoding=\"async\" width=\"576\" height=\"1024\" src=\"https:\/\/sosforetfrance.org\/wp-content\/uploads\/2020\/01\/photo2-576x1024.jpg\" alt=\"\" data-id=\"788\" data-link=\"https:\/\/sosforetfrance.org\/index.php\/la-marche-citoyenne-en-foret-de-fontainebleau\/photo2\/\" class=\"wp-image-788\" srcset=\"https:\/\/sosforetfrance.org\/wp-content\/uploads\/2020\/01\/photo2-576x1024.jpg 576w, https:\/\/sosforetfrance.org\/wp-content\/uploads\/2020\/01\/photo2-169x300.jpg 169w, https:\/\/sosforetfrance.org\/wp-content\/uploads\/2020\/01\/photo2-197x350.jpg 197w, https:\/\/sosforetfrance.org\/wp-content\/uploads\/2020\/01\/photo2.jpg 663w\" sizes=\"auto, (max-width: 576px) 100vw, 576px\" \/><\/a><figcaption>Devant le rocher Hercule&#8230;<\/figcaption><\/figure><\/li><li class=\"blocks-gallery-item\"><figure><a href=\"https:\/\/sosforetfrance.org\/wp-content\/uploads\/2020\/01\/Fontainebleau3.jpg\"><img loading=\"lazy\" decoding=\"async\" width=\"853\" height=\"480\" src=\"https:\/\/sosforetfrance.org\/wp-content\/uploads\/2020\/01\/Fontainebleau3.jpg\" alt=\"\" data-id=\"810\" data-link=\"https:\/\/sosforetfrance.org\/index.php\/la-marche-citoyenne-en-foret-de-fontainebleau\/fontainebleau3\/\" class=\"wp-image-810\" srcset=\"https:\/\/sosforetfrance.org\/wp-content\/uploads\/2020\/01\/Fontainebleau3.jpg 853w, https:\/\/sosforetfrance.org\/wp-content\/uploads\/2020\/01\/Fontainebleau3-300x169.jpg 300w, https:\/\/sosforetfrance.org\/wp-content\/uploads\/2020\/01\/Fontainebleau3-768x432.jpg 768w, https:\/\/sosforetfrance.org\/wp-content\/uploads\/2020\/01\/Fontainebleau3-350x197.jpg 350w\" sizes=\"auto, (max-width: 853px) 100vw, 853px\" \/><\/a><figcaption>Route de la Reine <\/figcaption><\/figure><\/li><li class=\"blocks-gallery-item\"><figure><a href=\"https:\/\/sosforetfrance.org\/wp-content\/uploads\/2020\/01\/Fontainebleau5.jpg\"><img loading=\"lazy\" decoding=\"async\" width=\"859\" height=\"572\" src=\"https:\/\/sosforetfrance.org\/wp-content\/uploads\/2020\/01\/Fontainebleau5.jpg\" alt=\"Le parc du ch\u00e2teau\" data-id=\"811\" data-link=\"https:\/\/sosforetfrance.org\/index.php\/la-marche-citoyenne-en-foret-de-fontainebleau\/fontainebleau5\/\" class=\"wp-image-811\" srcset=\"https:\/\/sosforetfrance.org\/wp-content\/uploads\/2020\/01\/Fontainebleau5.jpg 859w, https:\/\/sosforetfrance.org\/wp-content\/uploads\/2020\/01\/Fontainebleau5-300x200.jpg 300w, https:\/\/sosforetfrance.org\/wp-content\/uploads\/2020\/01\/Fontainebleau5-768x511.jpg 768w, https:\/\/sosforetfrance.org\/wp-content\/uploads\/2020\/01\/Fontainebleau5-350x233.jpg 350w\" sizes=\"auto, (max-width: 859px) 100vw, 859px\" \/><\/a><figcaption>Le parc du Ch\u00e2teau&#8230;<\/figcaption><\/figure><\/li><li class=\"blocks-gallery-item\"><figure><a href=\"https:\/\/sosforetfrance.org\/wp-content\/uploads\/2020\/01\/fontainebleau-der.jpg\"><img loading=\"lazy\" decoding=\"async\" width=\"863\" height=\"575\" src=\"https:\/\/sosforetfrance.org\/wp-content\/uploads\/2020\/01\/fontainebleau-der.jpg\" alt=\"\" data-id=\"809\" data-link=\"https:\/\/sosforetfrance.org\/index.php\/la-marche-citoyenne-en-foret-de-fontainebleau\/fontainebleau-der\/\" class=\"wp-image-809\" srcset=\"https:\/\/sosforetfrance.org\/wp-content\/uploads\/2020\/01\/fontainebleau-der.jpg 863w, https:\/\/sosforetfrance.org\/wp-content\/uploads\/2020\/01\/fontainebleau-der-300x200.jpg 300w, https:\/\/sosforetfrance.org\/wp-content\/uploads\/2020\/01\/fontainebleau-der-768x512.jpg 768w, https:\/\/sosforetfrance.org\/wp-content\/uploads\/2020\/01\/fontainebleau-der-350x233.jpg 350w\" sizes=\"auto, (max-width: 863px) 100vw, 863px\" \/><\/a><figcaption>Photo finale&#8230;<\/figcaption><\/figure><\/li><\/ul>\n\n\n\n<p><strong>Le collectif SOS-For\u00eat France invitait, le 26 octobre 2019, le public \u00e0 participer \u00e0 la grande marche citoyenne dans la for\u00eat de Fontainebleau pour r\u00e9affirmer la n\u00e9cessit\u00e9 de pr\u00e9server des for\u00eats vivantes. \u00c0 l\u2019heure de la crise climatique, la for\u00eat, bien commun, est notre avenir<\/strong>.<\/p>\n\n\n\n<p>La for\u00eat de Fontainebleau couvre plus de 25 000 ha dont 21600 appartiennent \u00e0 l\u2019\u00c9tat. 1<sup>\u00e8re<\/sup> r\u00e9serve naturelle dans le monde, elle fut cr\u00e9\u00e9e en 1853 suite \u00e0 l\u2019action des peintres de l\u2019\u00e9cole de Barbizon qui souhaitaient en faire un sanctuaire. Aujourd\u2019hui, 2350 ha sont class\u00e9s en r\u00e9serves biologiques int\u00e9grales ou dirig\u00e9es. B\u00e9n\u00e9ficiant du classement en for\u00eat de protection et du label \u00ab&nbsp;For\u00eat d\u2019exception&nbsp;\u00bb, la for\u00eat de Fontainebleau figure \u00e9galement dans la liste des r\u00e9serves de biosph\u00e8re de l\u2019UNESCO.<\/p>\n\n\n\n<p>For\u00eat charg\u00e9e d\u2019histoire, elle fut \u00e9galement un haut lieu de la\nr\u00e9sistance durant la seconde guerre mondiale.<\/p>\n\n\n\n<figure class=\"wp-block-image\"><a href=\"https:\/\/sosforetfrance.org\/wp-content\/uploads\/2019\/09\/alle\u0301e-forestie\u0300re-soleil-20-10-BD.jpg\"><img loading=\"lazy\" decoding=\"async\" width=\"1024\" height=\"635\" src=\"http:\/\/sosforetfrance.org\/wp-content\/uploads\/2019\/09\/alle\u0301e-forestie\u0300re-soleil-20-10-BD-1024x635.jpg\" alt=\"For\u00eat de fontainebeau avec lev\u00e9 de soleil, rayons rouges \u00e0 travers les arbres\" class=\"wp-image-389\" srcset=\"https:\/\/sosforetfrance.org\/wp-content\/uploads\/2019\/09\/alle\u0301e-forestie\u0300re-soleil-20-10-BD.jpg 1024w, https:\/\/sosforetfrance.org\/wp-content\/uploads\/2019\/09\/alle\u0301e-forestie\u0300re-soleil-20-10-BD-300x186.jpg 300w, https:\/\/sosforetfrance.org\/wp-content\/uploads\/2019\/09\/alle\u0301e-forestie\u0300re-soleil-20-10-BD-768x476.jpg 768w, https:\/\/sosforetfrance.org\/wp-content\/uploads\/2019\/09\/alle\u0301e-forestie\u0300re-soleil-20-10-BD-350x217.jpg 350w\" sizes=\"auto, (max-width: 1024px) 100vw, 1024px\" \/><\/a><\/figure>\n\n\n\n<figure class=\"wp-block-image\"><a href=\"https:\/\/sosforetfrance.org\/wp-content\/uploads\/2019\/09\/fontainebleau_BD.jpg\"><img loading=\"lazy\" decoding=\"async\" width=\"751\" height=\"500\" src=\"https:\/\/sosforetfrance.org\/wp-content\/uploads\/2019\/09\/fontainebleau_BD.jpg\" alt=\"For\u00eat de Fontainebleaux et rochers\" class=\"wp-image-392\" srcset=\"https:\/\/sosforetfrance.org\/wp-content\/uploads\/2019\/09\/fontainebleau_BD.jpg 751w, https:\/\/sosforetfrance.org\/wp-content\/uploads\/2019\/09\/fontainebleau_BD-300x200.jpg 300w, https:\/\/sosforetfrance.org\/wp-content\/uploads\/2019\/09\/fontainebleau_BD-350x233.jpg 350w\" sizes=\"auto, (max-width: 751px) 100vw, 751px\" \/><\/a><\/figure>\n\n\n\n<figure class=\"wp-block-image\"><a href=\"https:\/\/sosforetfrance.org\/wp-content\/uploads\/2019\/09\/Bleau-3-BD.jpg\"><img loading=\"lazy\" decoding=\"async\" width=\"1063\" height=\"708\" src=\"https:\/\/sosforetfrance.org\/wp-content\/uploads\/2019\/09\/Bleau-3-BD.jpg\" alt=\"For\u00eat de Fontainebleaux et rochers-2\" class=\"wp-image-391\" srcset=\"https:\/\/sosforetfrance.org\/wp-content\/uploads\/2019\/09\/Bleau-3-BD.jpg 1063w, https:\/\/sosforetfrance.org\/wp-content\/uploads\/2019\/09\/Bleau-3-BD-300x200.jpg 300w, https:\/\/sosforetfrance.org\/wp-content\/uploads\/2019\/09\/Bleau-3-BD-768x512.jpg 768w, https:\/\/sosforetfrance.org\/wp-content\/uploads\/2019\/09\/Bleau-3-BD-1024x682.jpg 1024w, https:\/\/sosforetfrance.org\/wp-content\/uploads\/2019\/09\/Bleau-3-BD-350x233.jpg 350w\" sizes=\"auto, (max-width: 1063px) 100vw, 1063px\" \/><\/a><\/figure>\n\n\n\n<h2 class=\"wp-block-heading\">Pourquoi une marche<\/h2>\n\n\n\n<p>L&rsquo;automne 2018, une grande marche pour la for\u00eat a permis des \u00e9changes riches et constructifs entre citoyens, associations et forestiers. A la suite des assises nationales de cette fin d&rsquo;octobre, ce temps convivial ouvert \u00e0 tous \u00e0 m\u00ealer enjeux port\u00e9s par la for\u00eat et plaisir simple de l&rsquo;arpenter ensemble.<br><a rel=\"noreferrer noopener\" aria-label=\" (s\u2019ouvre dans un nouvel onglet)\" href=\"https:\/\/reporterre.net\/Une-longue-marche-lance-le-combat-contre-l-industrialisation-de-la-foret\" target=\"_blank\">Voir ici l&rsquo;article de Reporterre sur la grande marche pour la for\u00eat.<\/a><\/p>\n\n\n\n<figure class=\"wp-block-image\"><a href=\"https:\/\/sosforetfrance.org\/wp-content\/uploads\/2019\/09\/Marche-foret-ONF_BD.jpg\"><img loading=\"lazy\" decoding=\"async\" width=\"1368\" height=\"1824\" src=\"https:\/\/sosforetfrance.org\/wp-content\/uploads\/2019\/09\/Marche-foret-ONF_BD.jpg\" alt=\"Ch\u00eane majestueux en for\u00eat de Fonrtainebleau\" class=\"wp-image-394\" srcset=\"https:\/\/sosforetfrance.org\/wp-content\/uploads\/2019\/09\/Marche-foret-ONF_BD.jpg 1368w, https:\/\/sosforetfrance.org\/wp-content\/uploads\/2019\/09\/Marche-foret-ONF_BD-225x300.jpg 225w, https:\/\/sosforetfrance.org\/wp-content\/uploads\/2019\/09\/Marche-foret-ONF_BD-768x1024.jpg 768w, https:\/\/sosforetfrance.org\/wp-content\/uploads\/2019\/09\/Marche-foret-ONF_BD-263x350.jpg 263w\" sizes=\"auto, (max-width: 1368px) 100vw, 1368px\" \/><\/a><\/figure>\n","protected":false},"excerpt":{"rendered":"<p>Le collectif SOS-For\u00eat France invitait, le 26 octobre 2019, le public \u00e0 participer \u00e0 la grande marche citoyenne dans la for\u00eat de Fontainebleau pour r\u00e9affirmer la n\u00e9cessit\u00e9 de pr\u00e9server des [&hellip;]<\/p>\n","protected":false},"author":1,"featured_media":0,"parent":0,"menu_order":0,"comment_status":"closed","ping_status":"closed","template":"","meta":{"_acf_changed":false,"_gspb_post_css":"","_uag_custom_page_level_css":"","_EventAllDay":false,"_EventTimezone":"","_EventStartDate":"","_EventEndDate":"","_EventStartDateUTC":"","_EventEndDateUTC":"","_EventShowMap":false,"_EventShowMapLink":false,"_EventURL":"","_EventCost":"","_EventCostDescription":"","_EventCurrencySymbol":"","_EventCurrencyCode":"","_EventCurrencyPosition":"","_EventDateTimeSeparator":"","_EventTimeRangeSeparator":"","_EventOrganizerID":[],"_EventVenueID":[],"_OrganizerEmail":"","_OrganizerPhone":"","_OrganizerWebsite":"","_VenueAddress":"","_VenueCity":"","_VenueCountry":"","_VenueProvince":"","_VenueState":"","_VenueZip":"","_VenuePhone":"","_VenueURL":"","_VenueStateProvince":"","_VenueLat":"","_VenueLng":"","_VenueShowMap":false,"_VenueShowMapLink":false,"footnotes":""},"class_list":["post-388","page","type-page","status-publish","hentry"],"mb":[],"acf":[],"uagb_featured_image_src":{"full":false,"thumbnail":false,"medium":false,"medium_large":false,"large":false,"1536x1536":false,"2048x2048":false,"mailpoet_newsletter_max":false},"uagb_author_info":{"display_name":"admin7534","author_link":"https:\/\/sosforetfrance.org\/author\/admin7534\/"},"uagb_comment_info":0,"uagb_excerpt":"Le collectif SOS-For\u00eat France invitait, le 26 octobre 2019, le public \u00e0 participer \u00e0 la grande marche citoyenne dans la for\u00eat de Fontainebleau pour r\u00e9affirmer la n\u00e9cessit\u00e9 de pr\u00e9server des [&hellip;]","mfb_rest_fields":["title","uagb_featured_image_src","uagb_author_info","uagb_comment_info","uagb_excerpt"],"_links":{"self":[{"href":"https:\/\/sosforetfrance.org\/index.php\/wp-json\/wp\/v2\/pages\/388","targetHints":{"allow":["GET"]}}],"collection":[{"href":"https:\/\/sosforetfrance.org\/index.php\/wp-json\/wp\/v2\/pages"}],"about":[{"href":"https:\/\/sosforetfrance.org\/index.php\/wp-json\/wp\/v2\/types\/page"}],"author":[{"embeddable":true,"href":"https:\/\/sosforetfrance.org\/index.php\/wp-json\/wp\/v2\/users\/1"}],"replies":[{"embeddable":true,"href":"https:\/\/sosforetfrance.org\/index.php\/wp-json\/wp\/v2\/comments?post=388"}],"version-history":[{"count":0,"href":"https:\/\/sosforetfrance.org\/index.php\/wp-json\/wp\/v2\/pages\/388\/revisions"}],"wp:attachment":[{"href":"https:\/\/sosforetfrance.org\/index.php\/wp-json\/wp\/v2\/media?parent=388"}],"curies":[{"name":"wp","href":"https:\/\/api.w.org\/{rel}","templated":true}]}}