{"id":51,"date":"2019-07-15T11:33:20","date_gmt":"2019-07-15T09:33:20","guid":{"rendered":"http:\/\/sosforetfrance.org\/?page_id=51"},"modified":"2021-07-12T12:16:43","modified_gmt":"2021-07-12T10:16:43","slug":"la-foret-et-le-changement-climatique","status":"publish","type":"page","link":"https:\/\/sosforetfrance.org\/index.php\/la-foret-et-le-changement-climatique\/","title":{"rendered":"La for\u00eat et le changement climatique"},"content":{"rendered":"\n<figure class=\"wp-block-image alignwide\"><img loading=\"lazy\" decoding=\"async\" width=\"709\" height=\"455\" src=\"http:\/\/sosforetfrance.org\/wp-content\/uploads\/2019\/08\/coupe-rase.jpg\" alt=\"coupe rase de for\u00eat de feuillus avec fond de pr\u00e9s vert\" class=\"wp-image-237\" srcset=\"https:\/\/sosforetfrance.org\/wp-content\/uploads\/2019\/08\/coupe-rase.jpg 709w, https:\/\/sosforetfrance.org\/wp-content\/uploads\/2019\/08\/coupe-rase-300x193.jpg 300w, https:\/\/sosforetfrance.org\/wp-content\/uploads\/2019\/08\/coupe-rase-350x225.jpg 350w\" sizes=\"auto, (max-width: 709px) 100vw, 709px\" \/><figcaption>Coupe rase<\/figcaption><\/figure>\n\n\n\n<h1 class=\"wp-block-heading\">Comment l\u2019\u00c9tat arrive \u00e0 aggraver le changement climatique avec la politique foresti\u00e8re !<\/h1>\n\n\n\n<p>Plusieurs de nos institutions para \u00e9tatiques produisent des \u00e9tudes \nparfois tr\u00e8s compliqu\u00e9es sur le carbone capt\u00e9 par les diff\u00e9rentes \nessences, r\u00e9sineux, feuillus, for\u00eats m\u00e9lang\u00e9es, for\u00eats jeunes, for\u00eats \nanciennes. Parfois, elles int\u00e8grent l\u2019impact de l\u2019usage du bois (une \ncharpente stockera plus longtemps le carbone du bois que de la p\u00e2te \u00e0 \npapier\u2026) mais tr\u00e8s peu d\u2019entre elles s\u2019int\u00e9ressent au carbone du sol&nbsp;! \nPourtant un sol forestier de for\u00eat ancienne et m\u00e9lang\u00e9e (essences et \n\u00e2ge) stocke plus de carbone dans le sol que dans l\u2019arbre&nbsp;! Pire, \nquasiment aucune de ces \u00e9tudes n\u2019int\u00e8gre l\u2019impact de la sylviculture sur\n le carbone. Pourtant celle-ci est essentielle.<\/p>\n\n\n\n<p>En effet, la plantation industrielle se solde immanquablement par une\n r\u00e9colte du bois par coupe rase (la totalit\u00e9 de la for\u00eat est coup\u00e9e). \nCette technique d\u00e9stocke massivement le carbone du sol par augmentation \ndes \u00e9changes gazeux et destruction des agr\u00e9gats structurant le sol&nbsp;: \njusqu\u2019\u00e0 20% du carbone total stock\u00e9 dans l\u2019\u00e9cosyst\u00e8me est ainsi lib\u00e9r\u00e9 \nsous forme de dioxyde de carbone.De lourds engins parcourent l\u2019ensemble \nde la surface pour couper, d\u00e9barder (sortir le bois de la parcelle), \nconstituer les andains de r\u00e9manents (assemblage des r\u00e9sidus de branches \nen ligne visant \u00e0 lib\u00e9rer l\u2019espace et permettre de nouvelles \nplantations, parfois en labourant le sol) et ceci par tous temps pour \nassumer les traites de remboursement du mat\u00e9riel de plus en plus \nsophistiqu\u00e9 et on\u00e9reux. Le processus est comparable \u00e0 la conversion \nd\u2019une prairie permanente en culture de c\u00e9r\u00e9ale. De plus ce genre \nd\u2019exploitation provoque la compaction du sol et donc sa mort biologique \nsur toute la surface exploit\u00e9e, ainsi qu\u2019une perte de fertilit\u00e9 par \n\u00e9rosion et lessivage des particules d\u2019argile.<\/p>\n\n\n\n<figure class=\"wp-block-image alignwide\"><img loading=\"lazy\" decoding=\"async\" width=\"567\" height=\"317\" src=\"http:\/\/sosforetfrance.org\/wp-content\/uploads\/2019\/08\/petit-chemin-forestier-du-Morvan-apres-une-coupe-rase.jpg\" alt=\"chemin apr\u00e8s une coupe rase\" class=\"wp-image-239\" srcset=\"https:\/\/sosforetfrance.org\/wp-content\/uploads\/2019\/08\/petit-chemin-forestier-du-Morvan-apres-une-coupe-rase.jpg 567w, https:\/\/sosforetfrance.org\/wp-content\/uploads\/2019\/08\/petit-chemin-forestier-du-Morvan-apres-une-coupe-rase-300x168.jpg 300w, https:\/\/sosforetfrance.org\/wp-content\/uploads\/2019\/08\/petit-chemin-forestier-du-Morvan-apres-une-coupe-rase-350x196.jpg 350w\" sizes=\"auto, (max-width: 567px) 100vw, 567px\" \/><figcaption>Petit chemin dans une for\u00eat de feuillus apr\u00e8s la coupe rase&#8230;<\/figcaption><\/figure>\n\n\n\n<p>A l\u2019oppos\u00e9, d\u2019autres types de sylviculture \u00e0 couvert permanent (sans \ncoupe rase) permettent de laisser se poursuivre le stockage du carbone \ndans le sol. L\u2019incidence de ce facteur est tr\u00e8s rarement \u00e9voqu\u00e9e alors \nqu\u2019elle est primordiale, mais elle ne sert pas l\u2019int\u00e9r\u00eat de la fili\u00e8re \nni les plans du gouvernement.<\/p>\n\n\n\n<p>Pour le carbone de l\u2019arbre, c\u2019est d\u2019abord son usage qui devrait \u00eatre \nprivil\u00e9gi\u00e9. Or, les gros arbres \u2013 en plus de leur richesse irrempla\u00e7able\n en termes de biodiversit\u00e9 \u2013 permettent de nombreux usages et d\u2019abord la\n construction qui permet de stocker le carbone de l\u2019arbre sur une dur\u00e9e \nimportante. Plusieurs \u00e9tudes convergentes montrent globalement un \nstockage du carbone plus important dans les for\u00eats anciennes que dans \nles jeunes. La r\u00e9colte d\u2019arbres de plus en plus jeunes favoris\u00e9e par les\n mesures gouvernementales au service de l\u2019industrie est donc totalement \ncontre productive face \u00e0 l\u2019urgence du d\u00e9fi climatique.<\/p>\n\n\n\n<p><strong>En savoir plus<\/strong><\/p>\n\n\n\n<h3 class=\"wp-block-heading\"><strong>Le rapport qui synth\u00e9tise les \u00e9tudes les plus r\u00e9centes et montre la n\u00e9cessit\u00e9 de faire vieillir les for\u00eats fran\u00e7aises<\/strong><\/h3>\n\n\n\n<p>[gview file=\u00a0\u00bbhttp:\/\/sosforetfrance.org\/wp-content\/uploads\/2020\/02\/rapport-webforet-climat-fern-canopee-at.pdf\u00a0\u00bb]<\/p>\n\n\n\n<h3 class=\"wp-block-heading\"><em>S\u00e9questration du carbone et \u00e2ge des for\u00eats<\/em><\/h3>\n\n\n\n<p>A. Intervention de Pierre Athanaze aux assises de la for\u00eat (2016)<br>\n<em>Vice-Pr\u00e9sident de l\u2019Organisation Non Gouvernementale (ONG) For\u00eats Sauvages et Pr\u00e9sident de l\u2019ONG Nature Re-wilding France<\/em><\/p>\n\n\n\n<p>Pierre ATHANAZE estime que les d\u00e9cideurs n\u2019ont pas int\u00e9gr\u00e9 les \ndonn\u00e9es scientifiques les plus r\u00e9centes. En effet, on consid\u00e9rait encore\n dans les ann\u00e9es 1990 que les flux de dioxyde de carbone dans une for\u00eat \nnaturelle s\u2019\u00e9quilibraient, entre absorption par photosynth\u00e8se et \n\u00e9mission par respiration. Toutefois, une \u00e9tude internationale parue dans\n la revue \u00ab\u2009Nature\u2009\u00bb en 2008<a href=\"file:\/\/\/Users\/regis\/Desktop\/Formation%20SITE-SOSFF\/Site%20SOS%20foret%20OPHOS-sitesucker\/www.sosforet.org\/comment-letat-arrive-a-aggraver-le-changement-climatique-avec-la-politique-forestiere\/index.html#_ftn1\"><sup>[1]<\/sup><\/a>\n a d\u00e9montr\u00e9 que la plupart des for\u00eats anciennes les moins perturb\u00e9es par\n l\u2019homme continuent \u00e0 absorber plus de carbone atmosph\u00e9rique qu\u2019elles \nn\u2019en rejettent. Cette \u00e9tude d\u00e9montre \u00e9galement que la d\u00e9forestation mais\n aussi le remplacement de telles for\u00eats par des boisements de production\n \u2013 paradoxalement qualifi\u00e9s de puits de carbone \u2013 lib\u00e8re dans \nl\u2019atmosph\u00e8re un stock de carbone \u00e9norme stock\u00e9 au fil des si\u00e8cles. Le \nstock de carbone s\u00e9questr\u00e9 dans les sols en particulier est souvent \nn\u00e9glig\u00e9, alors qu\u2019il augmente consid\u00e9rablement avec la maturit\u00e9 des \nfor\u00eats. Les arbres eux-m\u00eames ont un rythme d\u2019absorption de dioxyde de \ncarbone qui augmente avec leur \u00e2ge. L\u2019ensemble de ces donn\u00e9es \nscientifiques contredit l\u2019affirmation qu\u2019une for\u00eat jeune est plus \nefficace sur ce point, affirmation colport\u00e9e au d\u00e9part par les \nindustries de la biomasse mais h\u00e9las de plus en plus reprise parmi les \nd\u00e9cideurs et m\u00eame les forestiers de m\u00e9tier.<\/p>\n\n\n\n<p>Une autre publication scientifique parue dans la revue \u00ab\u2009Science\u2009\u00bb<br>\nen 2007<a href=\"file:\/\/\/Users\/regis\/Desktop\/Formation%20SITE-SOSFF\/Site%20SOS%20foret%20OPHOS-sitesucker\/www.sosforet.org\/comment-letat-arrive-a-aggraver-le-changement-climatique-avec-la-politique-forestiere\/index.html#_ftn2\"><sup>[2]<\/sup><\/a>\n va plus loin, en d\u00e9montrant que la pr\u00e9servation et la restauration de \nfor\u00eats pr\u00e9sentent un meilleur bilan carbone que la substitution \nd\u2019\u00e9nergies fossiles par des biocarburants pour une m\u00eame surface de \nterres utilis\u00e9es. Pierre ATHANAZE en conclut que promouvoir des for\u00eats \nen libre \u00e9volution ou les plus \u00e9quilibr\u00e9es possibles constituent les \ndeux pistes principales \u00e0 explorer dans l\u2019objectif de s\u00e9questration \ndurable du carbone en exc\u00e8s dans l\u2019atmosph\u00e8re.<\/p>\n\n\n\n<p><a href=\"file:\/\/\/Users\/regis\/Desktop\/Formation%20SITE-SOSFF\/Site%20SOS%20foret%20OPHOS-sitesucker\/www.sosforet.org\/comment-letat-arrive-a-aggraver-le-changement-climatique-avec-la-politique-forestiere\/index.html#_ftnref1\"><sup><strong><sup>[1]<\/sup><\/strong><\/sup><\/a>\n \u2013 \u00ab\u2009Old-growth forests as global carbon sinks\u2009\u00bb, Sebastiaan Luyssaert, \nE. -Detlef Schulze, Annett B\u00f6rner, Alexander Knohl, Dominik \nHessenm\u00f6ller, Beverly E. Law, Philippe Ciais et John Grace, Nature vol. \n455, 11\/09\/2008.<\/p>\n\n\n\n<p><a href=\"file:\/\/\/Users\/regis\/Desktop\/Formation%20SITE-SOSFF\/Site%20SOS%20foret%20OPHOS-sitesucker\/www.sosforet.org\/comment-letat-arrive-a-aggraver-le-changement-climatique-avec-la-politique-forestiere\/index.html#_ftnref2\"><sup><strong><sup>[2]<\/sup><\/strong><\/sup><\/a>\n \u2013 \u00ab\u2009Carbon Mitigation by Biofuels or by Saving and Restoring Forests?\u2009\u00bb\n Renton Righelato* and Dominick V. Spracklen, Science vol. 317, \n17\/08\/2007.<\/p>\n\n\n\n<p><a href=\"\/\/\/Users\/regis\/Desktop\/Formation%20SITE-SOSFF\/Site%20SOS%20foret%20OPHOS-sitesucker\/www.sosforet.org\/wp-content\/uploads\/2019\/01\/foret-climat-snupfen.pdf\" target=\"_blank\" rel=\"noreferrer noopener\">B.\n SOS For\u00eat France, Snupfen-Solidaires&nbsp;: For\u00eat, climat, bois \u00e9nergie en \nEurope \u2013 Trois approches scientifiques et techniques r\u00e9centes \u2013 Morceaux\n choisis \u2013 Octobre 2017<\/a><\/p>\n\n\n\n<p>C. <a href=\"http:\/\/agri71.fr\/articles\/10-08-2017\/9095\/Mode-d-exploitation-habituel-de-la-foret-les-coups-a-blanc-sont-de-plus-en-plus-deconseillees\/\" target=\"_blank\" rel=\"noreferrer noopener\">http:\/\/agri71.fr\/articles\/10-08-2017\/9095\/Mode-d-exploitation-habituel-de-la-foret-les-coups-a-blanc-sont-de-plus-en-plus-deconseillees\/<\/a><\/p>\n\n\n\n<p>Partager la publication \u00ab\u00a0Comment l\u2019\u00c9tat arrive \u00e0 aggraver le changement climatique avec la politique foresti\u00e8re !\u00a0\u00bb<\/p>\n\n\n\n<p><strong>En savoir plus<\/strong><\/p>\n\n\n\n<figure class=\"wp-block-embed-wordpress wp-block-embed is-type-wp-embed is-provider-sfecologie-org\"><div class=\"wp-block-embed__wrapper\">\n<blockquote class=\"wp-embedded-content\" data-secret=\"QiyBgYA3nd\"><a href=\"https:\/\/sfecologie.org\/regard\/r86-mai-2019-jf-ponge-foret-et-sols\/\" target=\"_blank\" rel=\"noopener\">R86 : Quel avenir pour la for\u00eat fran\u00e7aise ?  par Jean-Fran\u00e7ois Ponge<\/a><\/blockquote><iframe loading=\"lazy\" class=\"wp-embedded-content\" sandbox=\"allow-scripts\" security=\"restricted\" style=\"position: absolute; clip: rect(1px, 1px, 1px, 1px);\" title=\"\u00ab\u00a0R86 : Quel avenir pour la for\u00eat fran\u00e7aise ?  par Jean-Fran\u00e7ois Ponge\u00a0\u00bb &#8212; sfecologie.org\" src=\"https:\/\/sfecologie.org\/regard\/r86-mai-2019-jf-ponge-foret-et-sols\/embed\/#?secret=Lzx8ncniEx#?secret=QiyBgYA3nd\" data-secret=\"QiyBgYA3nd\" width=\"500\" height=\"282\" frameborder=\"0\" marginwidth=\"0\" marginheight=\"0\" scrolling=\"no\"><\/iframe>\n<\/div><\/figure>\n\n\n\n<ul class=\"wp-block-list\"><li><a href=\"https:\/\/www.facebook.com\/sharer\/sharer.php?u=http:\/\/www.sosforet.org\/comment-letat-arrive-a-aggraver-le-changement-climatique-avec-la-politique-forestiere\/\" rel=\"noreferrer noopener\" target=\"_blank\">Facebook<\/a><\/li><li><a href=\"https:\/\/twitter.com\/intent\/tweet?source=webclient&amp;original_referer=http:\/\/www.sosforet.org\/comment-letat-arrive-a-aggraver-le-changement-climatique-avec-la-politique-forestiere\/&amp;text=Comment%20l%E2%80%99%C3%89tat%20arrive%20%C3%A0%20aggraver%20le%20changement%20climatique%20avec%20la%20politique%20foresti%C3%A8re%20!&amp;url=http:\/\/www.sosforet.org\/comment-letat-arrive-a-aggraver-le-changement-climatique-avec-la-politique-forestiere\/&amp;related=sosforet&amp;via=sosforet\" rel=\"noreferrer noopener\" target=\"_blank\">Twitter<\/a><\/li><li><a href=\"https:\/\/plus.google.com\/share?url=http:\/\/www.sosforet.org\/comment-letat-arrive-a-aggraver-le-changement-climatique-avec-la-politique-forestiere\/\" rel=\"noreferrer noopener\" target=\"_blank\">Google+<\/a><\/li><li><a href=\"mailto:?subject=Lancez l'alerte #SOSForet&amp;body=Bonjour, Les for\u00eats fran\u00e7aises sont en danger ! Aidez-nous \u00e0 prot\u00e9ger l'avenir de nos for\u00eats. Pour plus d'informations, vous pouvez consulter le site du collectif www.sosforet.org ou nous contacter par mail contact@sosforet.org . Bonne journ\u00e9e. Pour nous suivre sur twitter :@SOSForet Sur facebook ::http:\/\/www.sosforet.org\/comment-letat-arrive-a-aggraver-le-changement-climatique-avec-la-politique-forestiere\/\" rel=\"noreferrer noopener\" target=\"_blank\">E-mail<\/a><\/li><li><\/li><\/ul>\n\n\n\n<h1 class=\"wp-block-heading\">Publications archiv\u00e9es<\/h1>\n\n\n\n<h1 class=\"wp-block-heading\">Recherche<\/h1>\n\n\n\n<p>\t\n\t\tSearch\n\t\t\n\t\t\n\t\n\t\n\t\n\n\n\n\t\t\n\t\t\t\t\t\tProudly powered by <a href=\"http:\/\/wordpress.org\/\" target=\"_blank\" rel=\"noopener\">WordPress<\/a>. Theme: Book Lite by <a href=\"http:\/\/wpshoppe.com\/\" target=\"_blank\" rel=\"noopener\">WPshoppe<\/a>.\t\t\n\t\n\n\n\n\n\n\n\n\n\n\n<\/p>\n\n\n\n<figure><iframe allowfullscreen=\"true\" src=\"https:\/\/staticxx.facebook.com\/connect\/xd_arbiter.php?version=44#channel=fb956f6a7188b4&amp;origin=file%3A%2F%2F\"><\/iframe><\/figure>\n","protected":false},"excerpt":{"rendered":"<p>Comment l\u2019\u00c9tat arrive \u00e0 aggraver le changement climatique avec la politique foresti\u00e8re ! Plusieurs de nos institutions para \u00e9tatiques produisent des \u00e9tudes parfois tr\u00e8s compliqu\u00e9es sur le carbone capt\u00e9 par [&hellip;]<\/p>\n","protected":false},"author":1,"featured_media":0,"parent":0,"menu_order":0,"comment_status":"closed","ping_status":"closed","template":"","meta":{"_acf_changed":false,"_gspb_post_css":"","_uag_custom_page_level_css":"","_EventAllDay":false,"_EventTimezone":"","_EventStartDate":"","_EventEndDate":"","_EventStartDateUTC":"","_EventEndDateUTC":"","_EventShowMap":false,"_EventShowMapLink":false,"_EventURL":"","_EventCost":"","_EventCostDescription":"","_EventCurrencySymbol":"","_EventCurrencyCode":"","_EventCurrencyPosition":"","_EventDateTimeSeparator":"","_EventTimeRangeSeparator":"","_EventOrganizerID":[],"_EventVenueID":[],"_OrganizerEmail":"","_OrganizerPhone":"","_OrganizerWebsite":"","_VenueAddress":"","_VenueCity":"","_VenueCountry":"","_VenueProvince":"","_VenueState":"","_VenueZip":"","_VenuePhone":"","_VenueURL":"","_VenueStateProvince":"","_VenueLat":"","_VenueLng":"","_VenueShowMap":false,"_VenueShowMapLink":false,"footnotes":""},"class_list":["post-51","page","type-page","status-publish","hentry"],"acf":[],"mb":[],"uagb_featured_image_src":{"full":false,"thumbnail":false,"medium":false,"medium_large":false,"large":false,"1536x1536":false,"2048x2048":false,"mailpoet_newsletter_max":false},"uagb_author_info":{"display_name":"admin7534","author_link":"https:\/\/sosforetfrance.org\/author\/admin7534\/"},"uagb_comment_info":0,"uagb_excerpt":"Comment l\u2019\u00c9tat arrive \u00e0 aggraver le changement climatique avec la politique foresti\u00e8re ! Plusieurs de nos institutions para \u00e9tatiques produisent des \u00e9tudes parfois tr\u00e8s compliqu\u00e9es sur le carbone capt\u00e9 par [&hellip;]","mfb_rest_fields":["title","uagb_featured_image_src","uagb_author_info","uagb_comment_info","uagb_excerpt"],"_links":{"self":[{"href":"https:\/\/sosforetfrance.org\/index.php\/wp-json\/wp\/v2\/pages\/51","targetHints":{"allow":["GET"]}}],"collection":[{"href":"https:\/\/sosforetfrance.org\/index.php\/wp-json\/wp\/v2\/pages"}],"about":[{"href":"https:\/\/sosforetfrance.org\/index.php\/wp-json\/wp\/v2\/types\/page"}],"author":[{"embeddable":true,"href":"https:\/\/sosforetfrance.org\/index.php\/wp-json\/wp\/v2\/users\/1"}],"replies":[{"embeddable":true,"href":"https:\/\/sosforetfrance.org\/index.php\/wp-json\/wp\/v2\/comments?post=51"}],"version-history":[{"count":0,"href":"https:\/\/sosforetfrance.org\/index.php\/wp-json\/wp\/v2\/pages\/51\/revisions"}],"wp:attachment":[{"href":"https:\/\/sosforetfrance.org\/index.php\/wp-json\/wp\/v2\/media?parent=51"}],"curies":[{"name":"wp","href":"https:\/\/api.w.org\/{rel}","templated":true}]}}