{"id":54,"date":"2019-07-15T11:36:31","date_gmt":"2019-07-15T09:36:31","guid":{"rendered":"http:\/\/sosforetfrance.org\/?page_id=54"},"modified":"2019-08-28T02:01:17","modified_gmt":"2019-08-28T00:01:17","slug":"une-foret-ideologique","status":"publish","type":"page","link":"https:\/\/sosforetfrance.org\/index.php\/une-foret-ideologique\/","title":{"rendered":"Une for\u00eat id\u00e9ologique"},"content":{"rendered":"\n<h1 class=\"wp-block-heading\">Comment l\u2019\u00e9tat essaie de justifier l\u2019id\u00e9ologie industrialiste<\/h1>\n\n\n\n<p>Les synth\u00e8ses qui pr\u00e9sident aux orientations des d\u00e9cideurs, \narrivent depuis plus de trente ans toujours \u00e0 la m\u00eame conclusion&nbsp;: il \nfaut planter du r\u00e9sineux. En effet le march\u00e9, tel qu\u2019il est structur\u00e9 \naujourd\u2019hui est d\u00e9ficitaire en r\u00e9sineux et l\u2019\u00c9tat, lorsqu\u2019il s\u2019occupe du\n dossier, cherche par tous les moyens \u00e0 combler ce d\u00e9ficit, donc \u00e0 \nadapter, co\u00fbte que co\u00fbte, la for\u00eat \u00e0 l\u2019industrie.<\/p>\n\n\n\n<figure class=\"wp-block-image\"><img loading=\"lazy\" decoding=\"async\" width=\"1024\" height=\"680\" src=\"http:\/\/sosforetfrance.org\/wp-content\/uploads\/2019\/08\/foret-brume-1024x680.jpg\" alt=\"foret dans la brume\" class=\"wp-image-248\" srcset=\"https:\/\/sosforetfrance.org\/wp-content\/uploads\/2019\/08\/foret-brume-1024x680.jpg 1024w, https:\/\/sosforetfrance.org\/wp-content\/uploads\/2019\/08\/foret-brume-300x199.jpg 300w, https:\/\/sosforetfrance.org\/wp-content\/uploads\/2019\/08\/foret-brume-768x510.jpg 768w, https:\/\/sosforetfrance.org\/wp-content\/uploads\/2019\/08\/foret-brume-350x233.jpg 350w\" sizes=\"auto, (max-width: 1024px) 100vw, 1024px\" \/><\/figure>\n\n\n\n<p>Apr\u00e8s avoir un temps occult\u00e9 la question \u00e9cologique au d\u00e9triment de \nla question \u00e9conomique, les notes officielles de la derni\u00e8re d\u00e9cennie \ncherchent plut\u00f4t \u00e0 justifier l\u2019accroissement de la r\u00e9colte avec des \narguments \u00e9cologiques. Il semblerait que les \u00e9tudes, qui vont dans le \nsens d\u2019un accroissement de la r\u00e9colte sont mieux prises en compte que \ncelles qui alertent sur l\u2019effondrement de la biodiversit\u00e9\u2026 Les progr\u00e8s \nde la science ne sont pas toujours pris en compte et certains chiffres \ntr\u00e8s contestables ont la vie dure. On ne peut que constater l\u2019\u00e9vitement \nde certains sujets comme l\u2019incidence du type de sylviculture, le \ncloisonnement de certains raisonnements comme le traitement du cycle du \ncarbone sans jamais tenir compte de la biodiversit\u00e9. On assiste parfois \u00e0\n des simplifications stup\u00e9fiantes qui deviennent la justification d\u2019une \npolitique lourde de cons\u00e9quences comme le concept de \u00ab&nbsp;neutralit\u00e9 \ncarbone&nbsp;\u00bb.<\/p>\n\n\n\n<p>Mais les d\u00e9cideurs sont aussi influenc\u00e9s par <strong>les lobbies qui ne reculent pas devant les amalgames grossiers et les raccourcis audacieux<\/strong>\u2026 par exemple&nbsp;:<\/p>\n\n\n\n<ul class=\"wp-block-list\"><li>Le changement climatique qui sert de pr\u00e9texte fallacieux visant \u00e0 \nraser des \u00e9cosyst\u00e8mes forestiers pour les remplacer par des plantations \nmonosp\u00e9cifiques d\u2019essences soi-disant plus r\u00e9sistantes \u00e0 la s\u00e9cheresse. \nOr une for\u00eat complexe, diversifi\u00e9e et vieille de plusieurs si\u00e8cles est \nplus r\u00e9siliente qu\u2019un boisement compos\u00e9 d\u2019une seule essence.<\/li><li>La plantation de r\u00e9sineux qui, poussant plus vite, permettrait de \nstocker plus de bois en for\u00eat puis dans le bois utilis\u00e9 dans la \nconstruction , en oubliant au passage tout le carbone du sol rejet\u00e9 par \nla coupe rase pr\u00e9c\u00e9dent cette plantation (et qui lui succ\u00e8dera).<\/li><\/ul>\n\n\n\n<p>Une communication d\u00e9complex\u00e9e des lobbies qui ne trouve pas de \nr\u00e9plique significative de la part des contrepouvoirs \u00e9cologistes jusqu\u2019\u00e0\n ce jour, ni de controverse scientifique suffisante.<\/p>\n\n\n\n<p><strong>En savoir plus<\/strong><\/p>\n\n\n\n<h3 class=\"wp-block-heading\">a. La ressource bois et son renouvellement<\/h3>\n\n\n\n<p><em>Max BRUCIAMACCHIE \u2013 Enseignant-chercheur \u00e0 Agroparistech<\/em><\/p>\n\n\n\n<p>Max BRUCIAMACCHIE pr\u00e9cise que la for\u00eat g\u00e9n\u00e8re depuis longtemps en \nFrance une activit\u00e9 \u00e9conomique de premier plan\u2009: on exploite environ 60 \nMillions de m\u00e8tres-cubes par an, au sein d\u2019une fili\u00e8re qui repr\u00e9sente \nplus de 400 000 emplois. En particulier, il rappelle que le bois \u00e9nergie\n a toujours exist\u00e9 sous diverses formes, m\u00eame si l\u2019\u00e9chelle de production\n atteinte ces derni\u00e8res ann\u00e9es est in\u00e9dite depuis 50 ans.<\/p>\n\n\n\n<p>Cependant, il constate actuellement une grande confusion dans \nl\u2019appr\u00e9hension des param\u00e8tres \u00e0 consid\u00e9rer pour fixer le niveau \nd\u2019utilisation de cette ressource, qui conduisent \u00e0 faire croire au plus \ngrand nombre et en particulier aux investisseurs industriels qu\u2019un \ngisement de bois suppl\u00e9mentaire existe en France, qui ne demande qu\u2019\u00e0 \n\u00eatre exploit\u00e9.<\/p>\n\n\n\n<p>La quantit\u00e9 de bois sur pied dans l\u2019ensemble des for\u00eats \nm\u00e9tropolitaines est de l\u2019ordre de 2,5 Milliards de m\u00e8tres-cubes\u2009: \nmobiliser cette ressource reviendrait \u00e0 raser toute la for\u00eat, puis \u00e0 \nattendre plusieurs d\u00e9cennies (voire si\u00e8cles) pour qu\u2019elle repousse. On \nadmet donc assez couramment qu\u2019il convient de ne pr\u00e9lever que \nl\u2019accroissement annuel naturel. Or l\u2019accroissement en m\u00e8tres-cubes de \nbois par an, mais plus encore sa part mobilisable est techniquement \ndifficile \u00e0 conna\u00eetre avec pr\u00e9cision, si bien que cette donn\u00e9e fait \nl\u2019objet de pol\u00e9miques depuis plusieurs ann\u00e9es.<\/p>\n\n\n\n<p>Les rapports parlementaires se succ\u00e8dent pourtant en France depuis \nplus de trente ans pour appeler \u00e0 une mobilisation de volumes de bois \nsuppl\u00e9mentaires (cf. un r\u00e9sum\u00e9 dans Neyroumande et Vallauri, 2011<a href=\"file:\/\/\/Users\/regis\/Desktop\/Formation%20SITE-SOSFF\/Site%20SOS%20foret%20OPHOS-sitesucker\/www.sosforet.org\/comment-letat-essaie-de-justifier-lideologie-industrialiste\/index.html#_ftn1\"><sup>[1]<\/sup><\/a>).\n Max BRUCIAMACCHIE estime qu\u2019un tournant a \u00e9t\u00e9 pris depuis le Grenelle \nde l\u2019Environnement en 2007\u2009: une estimation non consolid\u00e9e par \nl\u2019Inventaire Forestier National de la production biologique de la for\u00eat \nde France m\u00e9tropolitaine \u00e0 106 Millions de m\u00e8tres-cubes annuels a ouvert\n le champ \u00e0 l\u2019imp\u00e9ratif de \u00ab\u2009produire plus de bois\u2009\u00bb.<br>\nCe chiffre montrait en effet une augmentation d\u2019accroissement annuel de \n30% sur 25 ans, et s\u2019av\u00e9rait bien sup\u00e9rieur aux 60 \u00e0 70 Millions de \nm\u00e8tres-cubes mobilis\u00e9s chaque ann\u00e9e. Or l\u2019IFN a ensuite pr\u00e9cis\u00e9 que ce \nchiffre \u00e9tait surestim\u00e9 de 20%, sans que soient remis \u00e0 plat les \nobjectifs d\u2019exploitation suppl\u00e9mentaire.<\/p>\n\n\n\n<p>Pour autant, conna\u00eetre la production ne peut suffire \u00e0 b\u00e2tir une \npolitique d\u2019exploitation durable. Il convient d\u2019ajouter au moins deux \nparam\u00e8tres\u2009: la disponibilit\u00e9, et le mode de valorisation de la for\u00eat \nsouhait\u00e9 par le propri\u00e9taire.<a href=\"file:\/\/\/Users\/regis\/Desktop\/Formation%20SITE-SOSFF\/Site%20SOS%20foret%20OPHOS-sitesucker\/www.sosforet.org\/comment-letat-essaie-de-justifier-lideologie-industrialiste\/index.html#_ftn2\"><sup>[2]<\/sup><\/a>\n La disponibilit\u00e9, qui int\u00e8gre par exemple les possibilit\u00e9s techniques \n(voire financi\u00e8res) d\u2019acc\u00e8s \u00e0 la ressource est un facteur limitant \npuisque les zones exploitables \u00e0 des co\u00fbts raisonnables sont d\u00e9j\u00e0 \n\u00e9quip\u00e9es en desserte m\u00eame si elles ne repr\u00e9sentent que 40% de la surface\n de certains massifs montagneux. La disposition du propri\u00e9taire de \nmettre ou pas en march\u00e9 le bois de sa for\u00eat intervient \u00e9galement.<\/p>\n\n\n\n<p><a href=\"file:\/\/\/Users\/regis\/Desktop\/Formation%20SITE-SOSFF\/Site%20SOS%20foret%20OPHOS-sitesucker\/www.sosforet.org\/comment-letat-essaie-de-justifier-lideologie-industrialiste\/index.html#_ftnref1\"><sup><strong><sup>[1]<\/sup><\/strong><\/sup><\/a> \u2013 http:\/\/www.wwf.fr\/vous_informer\/rapports_pdf_a_telecharger\/?1160\/regards-sur-la-politique-des-forets-en-france-2011<\/p>\n\n\n\n<p><a href=\"file:\/\/\/Users\/regis\/Desktop\/Formation%20SITE-SOSFF\/Site%20SOS%20foret%20OPHOS-sitesucker\/www.sosforet.org\/comment-letat-essaie-de-justifier-lideologie-industrialiste\/index.html#_ftnref2\"><sup><strong><sup>[2]<\/sup><\/strong><\/sup><\/a>\n \u2013 Pour approfondir le lien entre les modes d\u2019exploitation et de \nvalorisation du bois et de la for\u00eat, et les cycles du carbone, voir \nnotamment le rapport \u00ab\u2009Le carbone forestier en mouvements\u2009: \u00e9l\u00e9ments de \nr\u00e9flexion pour une politique maximisant les atouts du bois.\u2009\u00bb Magali \nRossi pour le REFORA (R\u00e9seau \u00e9cologique forestier Rh\u00f4ne-Alpes), 2015.<\/p>\n\n\n\n<p><sup><strong>[3]<\/strong><\/sup> \u2013 http:\/\/www.wwf.fr\/vous_informer\/rapports_pdf_a_telecharger\/?1160\/regards-sur-la-politique-des-forets-en-france-2011<\/p>\n\n\n\n<p><sup><strong><sup>[4]<\/sup><\/strong><\/sup> \u2013 Pour approfondir le lien\n entre les modes d\u2019exploitation et de valorisation du bois et de la \nfor\u00eat, et les cycles du carbone, voir notamment le rapport \u00ab\u2009Le carbone \nforestier en mouvements\u2009: \u00e9l\u00e9ments de r\u00e9flexion pour une politique \nmaximisant les atouts du bois.\u2009\u00bb Magali Rossi pour le REFORA (R\u00e9seau \n\u00e9cologique forestier Rh\u00f4ne-Alpes), 2015.<\/p>\n\n\n\n<h3 class=\"wp-block-heading\">&nbsp;b. La soi-disant sous-exploitation de la for\u00eat Fran\u00e7aise en question.<\/h3>\n\n\n\n<p>La for\u00eat fran\u00e7aise&nbsp;: volume de bois sur pied, accroissement et r\u00e9colte<br>\n<em>Philippe Canal Secr\u00e9taire g\u00e9n\u00e9ral du Snupfen solidaire (Syndicat majoritaire de l\u2019ONF)<\/em><\/p>\n\n\n\n<p><strong>1 Le volume sur pied<\/strong><\/p>\n\n\n\n<p>En France m\u00e9tropolitaine le volume sur pied moyen est estim\u00e9 \u00e0 161 m3\/ha (source IFN 2015).<\/p>\n\n\n\n<p>Il est souvent affirm\u00e9 que la for\u00eat fran\u00e7aise de m\u00e9tropole serait sur\n capitalis\u00e9e et donc que la r\u00e9colte de bois pourrait pr\u00e9lever \nl\u2019accroissement naturel voire plus. Qu\u2019en est-il&nbsp;?<\/p>\n\n\n\n<p>Comparons avec les autre pays europ\u00e9ens&nbsp;(source Eurostat 2014) :<\/p>\n\n\n\n<table class=\"wp-block-table\"><tbody><tr><td>Pays<\/td><td>Volume sur pied moyen (m3\/ha)<\/td><\/tr><tr><td>Allemagne<\/td><td>315<\/td><\/tr><tr><td>Autriche<\/td><td>292<\/td><\/tr><tr><td>R\u00e9publique tch\u00e8que<\/td><td>289<\/td><\/tr><tr><td>Belgique<\/td><td>246<\/td><\/tr><tr><td>Pologne<\/td><td>219<\/td><\/tr><tr><td><strong><em>France<\/em><\/strong><\/td><td><strong><em>161<\/em><\/strong><\/td><\/tr><tr><td>Italie<\/td><td>158<\/td><\/tr><tr><td>Royaume uni<\/td><td>132<\/td><\/tr><tr><td>Portugal<\/td><td>54<\/td><\/tr><tr><td>Espagne<\/td><td>50<\/td><\/tr><\/tbody><\/table>\n\n\n\n<p>Il est souvent avanc\u00e9 que contrairement aux pays dont la for\u00eat \napparait plus \u00ab&nbsp;riche&nbsp;\u00bb, la France comporte une for\u00eat m\u00e9diterran\u00e9enne, \npar nature, moins productive. La for\u00eat m\u00e9diterran\u00e9enne fran\u00e7aise couvre \n1,785 million d\u2019hectares soit 11 % de la for\u00eat fran\u00e7aise (source IGN \n2015). Si l\u2019on divise le volume estim\u00e9 de la for\u00eat fran\u00e7aise (2&nbsp;584 Mm3)\n et qu\u2019on le divise par la surface de cette for\u00eat hors zone \nm\u00e9diterran\u00e9enne (14,169 Mha), le volume moyen serait de 182 m3\/ha. Ce \nniveau de volume sur pied reste tr\u00e8s inf\u00e9rieur \u00e0 ceux de nos voisins du \nnord m\u00eame les plus proches.<\/p>\n\n\n\n<p>Conclusion&nbsp;: au travers de ces donn\u00e9es chiffr\u00e9es, la for\u00eat fran\u00e7aise \nn\u2019apparait pas sur capitalis\u00e9e. Dans notre pays, cet avis est d\u2019ailleurs\n largement partag\u00e9 par un grand nombre des gestionnaires publics et \npriv\u00e9s<\/p>\n\n\n\n<p><strong>2 L\u2019accroissement annuel ou production biologique annuelle de la for\u00eat fran\u00e7aise<\/strong><\/p>\n\n\n\n<p>L\u2019accroissement calcul\u00e9 par l\u2019Inventaire Forestier National (IFN) \nfait d\u00e9bat depuis longtemps chez de nombreux gestionnaires qui le jugent\n sur estim\u00e9.<\/p>\n\n\n\n<p>De 1970 \u00e0 2008 l\u2019IFN a appliqu\u00e9 une m\u00e9thode de calcul conduisant \u00e0 \naffirmer que la production annuelle de la for\u00eat fran\u00e7aise s\u2019\u00e9levait \u00e0 \n103 millions de m3 (Mm3). Le Grenelle de l\u2019environnement et les Assises \nde la For\u00eat (2007), le discours d\u2019Urmatt de Nicolas Sarkozy sur le \nd\u00e9veloppement de la fili\u00e8re bois (2009) bas\u00e9 sur le rapport Puech (2009)\n se sont appuy\u00e9s sur ce niveau de production annuelle pour d\u00e9cider que \nla r\u00e9colte annuelle de bois en France devrait augmenter de 20 millions \nde m3 \u00e0 l\u2019horizon 2020.<\/p>\n\n\n\n<p>En 2011 l\u2019Inventaire Forestier National (IFN) a reconnu que sa \nm\u00e9thode de calcul avait conduit \u00e0 sur estim\u00e9 de 16 % la production \nannuelle biologique de la for\u00eat fran\u00e7aise qui se situerait plut\u00f4t \u00e0 85 \nmillions de m3 \u2026 soit 18 Mm3 de moins que ses pr\u00e9c\u00e9dentes estimations.<\/p>\n\n\n\n<p>Source&nbsp;: l\u2019IF n\u00b028 \u2013 3<sup>\u00e8me<\/sup> et 4<sup>\u00e8me<\/sup> trimestres 2011 \u2013 \u00ab&nbsp;Pr\u00e9l\u00e8vements de bois en for\u00eat et production biologique&nbsp;\u00bb \u2013 pages 11 et 12 (joint \u00e0 ce dossier)<\/p>\n\n\n\n<p>Malgr\u00e9 la reconnaissance par l\u2019IFN de sa forte sur estimation \njusqu\u2019en 2008 de la production annuelle biologique, l\u2019objectif de la \npuissance publique d\u2019augmenter \u00e0 l\u2019horizon 2020 de 20 Mm3 la r\u00e9colte de \nbois en France n\u2019a jamais \u00e9t\u00e9 remise en cause. Cette remise en cause \naurait eu deux cons\u00e9quences potentielles&nbsp;:<\/p>\n\n\n\n<ul class=\"wp-block-list\"><li>Soit r\u00e9viser fortement \u00e0 la baisse la part envisag\u00e9e des \u00e9nergies \nrenouvelables, bas\u00e9es principalement sur la biomasse (chaleur, \n\u00e9lectricit\u00e9 \u2026) dans la production d\u2019\u00e9nergie nationale<\/li><li>Soit maintenir cet objectif mais au d\u00e9triment des usages \ntraditionnels du bois (bois d\u2019\u0153uvre, trituration, pap\u00e8terie, bois b\u00fbche \n..)&nbsp;: conflit d\u2019usages.<\/li><\/ul>\n\n\n\n<p><strong>3 La r\u00e9colte de bois en France<\/strong><\/p>\n\n\n\n<p>Le niveau de r\u00e9colte annuel n\u2019est pas mesur\u00e9 mais estim\u00e9&nbsp;sur la base :<\/p>\n\n\n\n<ul class=\"wp-block-list\"><li>des d\u00e9clarations faites par les exploitants (enqu\u00eate de branche \u00ab&nbsp;exploitation foresti\u00e8re&nbsp;\u00bb)<\/li><li>des d\u00e9clarations d\u2019auto consommation faites par les m\u00e9nages (enqu\u00eate logement INSEE)<\/li><li>et depuis 2011 par des estimations de r\u00e9colte faites sur le terrain par l\u2019IFN<\/li><\/ul>\n\n\n\n<p>L\u2019IFN estime la r\u00e9colte annuelle \u00e0 62-64 Mm3.<\/p>\n\n\n\n<p>Source&nbsp;: l\u2019IF n\u00b028 \u2013 3<sup>\u00e8me<\/sup> et 4<sup>\u00e8me<\/sup> trimestres 2011 \u2013 \u00ab&nbsp;Pr\u00e9l\u00e8vements de bois en for\u00eat et production biologique&nbsp;\u00bb \u2013 pages 5 \u00e0 7 (joint \u00e0 ce dossier)<\/p>\n\n\n\n<p>Il est commun\u00e9ment admis que la r\u00e9colte peut difficilement aller \nau-del\u00e0 de 70 % de la production biologique pour les raisons suivantes&nbsp;:<\/p>\n\n\n\n<ul class=\"wp-block-list\"><li>32% de la for\u00eat fran\u00e7aise est difficilement \u00e0 tr\u00e8s difficilement \nexploitable du fait de pentes importantes ou de d\u00e9fauts de desserte \nprincipalement dans les nombreuses for\u00eats de montagne (source IGN 2015 \nIndicateurs de gestion durable page 150)<\/li><li>de tr\u00e8s nombreux petits propri\u00e9taires priv\u00e9s ne sont pas int\u00e9ress\u00e9s \u00e0\n r\u00e9colter du bois&nbsp;: m\u00e9connaissance de leur for\u00eat et souvent de leur \nlocalisation, valeur affective \u2026<\/li><\/ul>\n\n\n\n<p>Conclusion&nbsp;: la r\u00e9colte annuelle de bois correspondrait actuellement \u00e0\n un pr\u00e9l\u00e8vement de 75 % de la production biologique. Ce qui invalide en \ngrande partie les objectifs affich\u00e9s d\u2019augmentation de la r\u00e9colte de \nbois \u2026dans le cadre d\u2019une gestion durable.<\/p>\n","protected":false},"excerpt":{"rendered":"<p>Comment l\u2019\u00e9tat essaie de justifier l\u2019id\u00e9ologie industrialiste Les synth\u00e8ses qui pr\u00e9sident aux orientations des d\u00e9cideurs, arrivent depuis plus de trente ans toujours \u00e0 la m\u00eame conclusion&nbsp;: il faut planter du [&hellip;]<\/p>\n","protected":false},"author":1,"featured_media":0,"parent":0,"menu_order":0,"comment_status":"closed","ping_status":"closed","template":"","meta":{"_acf_changed":false,"_gspb_post_css":"","_uag_custom_page_level_css":"","_EventAllDay":false,"_EventTimezone":"","_EventStartDate":"","_EventEndDate":"","_EventStartDateUTC":"","_EventEndDateUTC":"","_EventShowMap":false,"_EventShowMapLink":false,"_EventURL":"","_EventCost":"","_EventCostDescription":"","_EventCurrencySymbol":"","_EventCurrencyCode":"","_EventCurrencyPosition":"","_EventDateTimeSeparator":"","_EventTimeRangeSeparator":"","_EventOrganizerID":[],"_EventVenueID":[],"_OrganizerEmail":"","_OrganizerPhone":"","_OrganizerWebsite":"","_VenueAddress":"","_VenueCity":"","_VenueCountry":"","_VenueProvince":"","_VenueState":"","_VenueZip":"","_VenuePhone":"","_VenueURL":"","_VenueStateProvince":"","_VenueLat":"","_VenueLng":"","_VenueShowMap":false,"_VenueShowMapLink":false,"footnotes":""},"class_list":["post-54","page","type-page","status-publish","hentry"],"mb":[],"acf":[],"uagb_featured_image_src":{"full":false,"thumbnail":false,"medium":false,"medium_large":false,"large":false,"1536x1536":false,"2048x2048":false,"mailpoet_newsletter_max":false},"uagb_author_info":{"display_name":"admin7534","author_link":"https:\/\/sosforetfrance.org\/author\/admin7534\/"},"uagb_comment_info":0,"uagb_excerpt":"Comment l\u2019\u00e9tat essaie de justifier l\u2019id\u00e9ologie industrialiste Les synth\u00e8ses qui pr\u00e9sident aux orientations des d\u00e9cideurs, arrivent depuis plus de trente ans toujours \u00e0 la m\u00eame conclusion&nbsp;: il faut planter du [&hellip;]","mfb_rest_fields":["title","uagb_featured_image_src","uagb_author_info","uagb_comment_info","uagb_excerpt"],"_links":{"self":[{"href":"https:\/\/sosforetfrance.org\/index.php\/wp-json\/wp\/v2\/pages\/54","targetHints":{"allow":["GET"]}}],"collection":[{"href":"https:\/\/sosforetfrance.org\/index.php\/wp-json\/wp\/v2\/pages"}],"about":[{"href":"https:\/\/sosforetfrance.org\/index.php\/wp-json\/wp\/v2\/types\/page"}],"author":[{"embeddable":true,"href":"https:\/\/sosforetfrance.org\/index.php\/wp-json\/wp\/v2\/users\/1"}],"replies":[{"embeddable":true,"href":"https:\/\/sosforetfrance.org\/index.php\/wp-json\/wp\/v2\/comments?post=54"}],"version-history":[{"count":0,"href":"https:\/\/sosforetfrance.org\/index.php\/wp-json\/wp\/v2\/pages\/54\/revisions"}],"wp:attachment":[{"href":"https:\/\/sosforetfrance.org\/index.php\/wp-json\/wp\/v2\/media?parent=54"}],"curies":[{"name":"wp","href":"https:\/\/api.w.org\/{rel}","templated":true}]}}