{"id":57,"date":"2019-07-15T11:40:45","date_gmt":"2019-07-15T09:40:45","guid":{"rendered":"http:\/\/sosforetfrance.org\/?page_id=57"},"modified":"2019-12-05T02:05:50","modified_gmt":"2019-12-05T01:05:50","slug":"la-biomasse-et-le-carbone","status":"publish","type":"page","link":"https:\/\/sosforetfrance.org\/index.php\/la-biomasse-et-le-carbone\/","title":{"rendered":"La biomasse et le carbone"},"content":{"rendered":"\n<h1 class=\"wp-block-heading\">La biomasse ou le concept simpliste de neutralit\u00e9 carbone<\/h1>\n\n\n\n<figure class=\"wp-block-image\"><img loading=\"lazy\" decoding=\"async\" width=\"1024\" height=\"683\" src=\"http:\/\/sosforetfrance.org\/wp-content\/uploads\/2019\/08\/copyright@-Gae\u0301tan-HUTTER-avec-son-aimable-autorisation-min-1-1024x683.jpg\" alt=\"vu d'avion de la centrale biomasse de Gardanne\" class=\"wp-image-231\" srcset=\"https:\/\/sosforetfrance.org\/wp-content\/uploads\/2019\/08\/copyright@-Gae\u0301tan-HUTTER-avec-son-aimable-autorisation-min-1-1024x683.jpg 1024w, https:\/\/sosforetfrance.org\/wp-content\/uploads\/2019\/08\/copyright@-Gae\u0301tan-HUTTER-avec-son-aimable-autorisation-min-1-300x200.jpg 300w, https:\/\/sosforetfrance.org\/wp-content\/uploads\/2019\/08\/copyright@-Gae\u0301tan-HUTTER-avec-son-aimable-autorisation-min-1-768x512.jpg 768w, https:\/\/sosforetfrance.org\/wp-content\/uploads\/2019\/08\/copyright@-Gae\u0301tan-HUTTER-avec-son-aimable-autorisation-min-1-350x234.jpg 350w, https:\/\/sosforetfrance.org\/wp-content\/uploads\/2019\/08\/copyright@-Gae\u0301tan-HUTTER-avec-son-aimable-autorisation-min-1.jpg 1280w\" sizes=\"auto, (max-width: 1024px) 100vw, 1024px\" \/><figcaption>copyright@ Ga\u00e9tan HUTTER avec son aimable autorisation<\/figcaption><\/figure>\n\n\n\n<p>La biomasse est \u00e0 la mode&nbsp;: la bio\u00e9nergie (\u00e9nergie issue de \ncombustion de biomasse) repr\u00e9sente d\u00e9j\u00e0 environ 65 % de la production \ntotale d\u2019\u00e9nergies renouvelables au sein de l\u2019Union Europ\u00e9enne. Environ \n70 % de la bio\u00e9nergie sont produits \u00e0 l\u2019aide d\u2019une biomasse solide, \nprincipalement du bois. La combustion de la biomasse solide \u00e0 des fins \nde chauffage, de refroidissement et d\u2019\u00e9lectricit\u00e9 repr\u00e9sente environ 45 %\n de la production totale d\u2019\u00e9nergies renouvelables (2016). Les plans de \nd\u00e9veloppement europ\u00e9ens de la biomasse d\u2019ici 2020 n\u00e9cessiteront une \nquantit\u00e9 de bois utilis\u00e9e \u00e0 des fins \u00e9nerg\u00e9tiques \u00e9quivalente au volume \ntotal de bois r\u00e9colt\u00e9 dans l\u2019UE (en 2013). Cette constatation est \nalarmante pour le changement climatique&nbsp;: en effet tout devrait \u00eatre \nfait pour stocker le carbone du bois dans des usages long comme la \nconstruction et non inciter \u00e0 le br\u00fbler en rel\u00e2chant imm\u00e9diatement son \ncarbone dans l\u2019atmosph\u00e8re.<\/p>\n\n\n\n<p>L\u2019accroissement du recours \u00e0 la biomasse va rejeter massivement le \ncarbone du bois dans l\u2019atmosph\u00e8re sur une dur\u00e9e tr\u00e8s courte. Or la \nre-g\u00e9n\u00e9ration de biomasse n\u00e9cessaire pour re-capturer le carbone \u00e9mis va\n prendre plusieurs dizaines ann\u00e9es (avec une sylviculture constante). Il\n y a donc m\u00e9caniquement un \u00ab&nbsp;pic&nbsp;carbone&nbsp;\u00bb qui va durer plusieurs \ndizaines d\u2019ann\u00e9es alors que l\u2019objectif est de r\u00e9duire les \u00e9missions de \ncarbone \u00e0 tr\u00e8s court terme.<\/p>\n\n\n\n<p>De plus, pour produire une m\u00eame quantit\u00e9 d\u2019\u00e9nergie, la combustion de \nla biomasse \u00e9met 51% de CO2 de plus que la m\u00eame quantit\u00e9 de charbon ce \nqui cr\u00e9e une \u00ab&nbsp;dette&nbsp;\u00bb carbone. Il a \u00e9t\u00e9 calcul\u00e9 qu\u2019il faut environ 40 \nans pour annuler cette dette carbone suppl\u00e9mentaire par croissance de \nbiomasse nouvelle, et qu\u2019il faut au moins 100 ans pour neutraliser \nl\u2019\u00e9mission carbone totale.<\/p>\n\n\n\n<p>Enfin, le changement de sylviculture (industrialisation de la for\u00eat \net coupe rase), in\u00e9vitable dans ce cadre d\u2019augmentation massive du \nrecours \u00e0 la biomasse, sera bien loin de re-capter le carbone perdu des \nfor\u00eats diversifi\u00e9es que nous connaissons aujourd\u2019hui, m\u00eame sur une dur\u00e9e\n longue.<\/p>\n\n\n\n<p>En parall\u00e8le, une orientation vers le \u00ab&nbsp;tout bois biomasse&nbsp;\u00bb \nd\u00e9stabiliserait massivement la fili\u00e8re bois, au d\u00e9triment de la \ntransformation du bois d\u2019\u0153uvre et m\u00eame du bois d\u2019industrie, bien plus \nb\u00e9n\u00e9fiques en cr\u00e9ation d\u2019emplois et de valeur ajout\u00e9e que la fili\u00e8re \nbio\u00e9nerg\u00e9tique.<\/p>\n\n\n\n<h4 class=\"wp-block-heading\">En savoir plus&nbsp;:<\/h4>\n\n\n\n<p>A. Audition de Kelsey Perlman (Fern) et Sylvain Angerand (Canop\u00e9e) par le d\u00e9put\u00e9 Hugo Bernalicis dans la cadre de la commission d&rsquo;enqu\u00eate parlementaire et citoyenne sur la for\u00eat.<\/p>\n\n\n\n<figure class=\"wp-block-embed-youtube wp-block-embed is-type-video is-provider-youtube wp-embed-aspect-16-9 wp-has-aspect-ratio\"><div class=\"wp-block-embed__wrapper\">\n<iframe loading=\"lazy\" title=\"COMMISSION D&#039;ENQU\u00caTE CITOYENNE &quot;FOR\u00caTS, BIENS COMMUNS&quot;\" width=\"500\" height=\"281\" src=\"https:\/\/www.youtube.com\/embed\/F63rpysY_Mw?start=2971&#038;feature=oembed\" frameborder=\"0\" allow=\"accelerometer; autoplay; clipboard-write; encrypted-media; gyroscope; picture-in-picture; web-share\" referrerpolicy=\"strict-origin-when-cross-origin\" allowfullscreen><\/iframe>\n<\/div><\/figure>\n\n\n\n<p>B. Le texte de 796 scientifiques du monde entier qui alertent l&rsquo;Europe sur la politique \u00e9nergie-biomasse europ\u00e9enne.<\/p>\n\n\n<p>[gview file=\u00a0\u00bbhttp:\/\/sosforetfrance.org\/wp-content\/uploads\/2019\/12\/scientist-letter-on-eu-forest-biomass-796-signatories-as-of-january-16-2018.pdf\u00a0\u00bb]<\/p>\n\n\n\n<p><a rel=\"noreferrer noopener\" href=\"file:\/\/\/Users\/regis\/Desktop\/Formation%20SITE-SOSFF\/Site%20SOS%20foret%20OPHOS-sitesucker\/www.sosforet.org\/wp-content\/uploads\/2019\/01\/fern-bioenergy.pdf\" target=\"_blank\">C. FERN, Bio\u00e9nergie \u2013 note d\u2019information, octobre 2016<\/a><\/p>\n\n\n\n<p>D. <a rel=\"noreferrer noopener\" href=\"file:\/\/\/Users\/regis\/Desktop\/Formation%20SITE-SOSFF\/Site%20SOS%20foret%20OPHOS-sitesucker\/www.sosforet.org\/wp-content\/uploads\/2019\/01\/foret-climat-snupfen.pdf\" target=\"_blank\">SOS  For\u00eat France, Snupfen-Solidaires\u00a0: For\u00eat, climat, bois \u00e9nergie en  Europe \u2013 Trois approches scientifiques et techniques r\u00e9centes \u2013 Morceaux  choisis \u2013 Octobre 2017<\/a><\/p>\n\n\n\n<p>E. Menaces sur la for\u00eat fran\u00e7aise<\/p>\n\n\n\n<iframe loading=\"lazy\" src=\"https:\/\/player.vimeo.com\/video\/142872558?title=0&amp;byline=0&amp;portrait=0\" allow=\"autoplay; fullscreen\" allowfullscreen=\"\" width=\"640\" height=\"360\" frameborder=\"0\"><\/iframe>\n<p><a href=\"https:\/\/vimeo.com\/142872558\" target=\"_blank\" rel=\"noopener\">MENACES SUR LA FOR\u00caT FRAN\u00c7AISE. France 5, 2015.<\/a> from <a href=\"https:\/\/vimeo.com\/user26438309\" target=\"_blank\" rel=\"noopener\">Benoit Grimont<\/a> on <a href=\"https:\/\/vimeo.com\" target=\"_blank\" rel=\"noopener\">Vimeo<\/a>.<\/p>\n","protected":false},"excerpt":{"rendered":"<p>La biomasse ou le concept simpliste de neutralit\u00e9 carbone La biomasse est \u00e0 la mode&nbsp;: la bio\u00e9nergie (\u00e9nergie issue de combustion de biomasse) repr\u00e9sente d\u00e9j\u00e0 environ 65 % de la [&hellip;]<\/p>\n","protected":false},"author":1,"featured_media":0,"parent":0,"menu_order":0,"comment_status":"closed","ping_status":"closed","template":"","meta":{"_acf_changed":false,"_gspb_post_css":"","_uag_custom_page_level_css":"","_EventAllDay":false,"_EventTimezone":"","_EventStartDate":"","_EventEndDate":"","_EventStartDateUTC":"","_EventEndDateUTC":"","_EventShowMap":false,"_EventShowMapLink":false,"_EventURL":"","_EventCost":"","_EventCostDescription":"","_EventCurrencySymbol":"","_EventCurrencyCode":"","_EventCurrencyPosition":"","_EventDateTimeSeparator":"","_EventTimeRangeSeparator":"","_EventOrganizerID":[],"_EventVenueID":[],"_OrganizerEmail":"","_OrganizerPhone":"","_OrganizerWebsite":"","_VenueAddress":"","_VenueCity":"","_VenueCountry":"","_VenueProvince":"","_VenueState":"","_VenueZip":"","_VenuePhone":"","_VenueURL":"","_VenueStateProvince":"","_VenueLat":"","_VenueLng":"","_VenueShowMap":false,"_VenueShowMapLink":false,"footnotes":""},"class_list":["post-57","page","type-page","status-publish","hentry"],"acf":[],"mb":[],"uagb_featured_image_src":{"full":false,"thumbnail":false,"medium":false,"medium_large":false,"large":false,"1536x1536":false,"2048x2048":false,"mailpoet_newsletter_max":false},"uagb_author_info":{"display_name":"admin7534","author_link":"https:\/\/sosforetfrance.org\/author\/admin7534\/"},"uagb_comment_info":0,"uagb_excerpt":"La biomasse ou le concept simpliste de neutralit\u00e9 carbone La biomasse est \u00e0 la mode&nbsp;: la bio\u00e9nergie (\u00e9nergie issue de combustion de biomasse) repr\u00e9sente d\u00e9j\u00e0 environ 65 % de la [&hellip;]","mfb_rest_fields":["title","uagb_featured_image_src","uagb_author_info","uagb_comment_info","uagb_excerpt"],"_links":{"self":[{"href":"https:\/\/sosforetfrance.org\/index.php\/wp-json\/wp\/v2\/pages\/57","targetHints":{"allow":["GET"]}}],"collection":[{"href":"https:\/\/sosforetfrance.org\/index.php\/wp-json\/wp\/v2\/pages"}],"about":[{"href":"https:\/\/sosforetfrance.org\/index.php\/wp-json\/wp\/v2\/types\/page"}],"author":[{"embeddable":true,"href":"https:\/\/sosforetfrance.org\/index.php\/wp-json\/wp\/v2\/users\/1"}],"replies":[{"embeddable":true,"href":"https:\/\/sosforetfrance.org\/index.php\/wp-json\/wp\/v2\/comments?post=57"}],"version-history":[{"count":0,"href":"https:\/\/sosforetfrance.org\/index.php\/wp-json\/wp\/v2\/pages\/57\/revisions"}],"wp:attachment":[{"href":"https:\/\/sosforetfrance.org\/index.php\/wp-json\/wp\/v2\/media?parent=57"}],"curies":[{"name":"wp","href":"https:\/\/api.w.org\/{rel}","templated":true}]}}