{"id":869,"date":"2020-02-11T12:08:01","date_gmt":"2020-02-11T11:08:01","guid":{"rendered":"https:\/\/sosforetfrance.org\/?page_id=869"},"modified":"2020-02-11T19:01:36","modified_gmt":"2020-02-11T18:01:36","slug":"mesure-7","status":"publish","type":"page","link":"https:\/\/sosforetfrance.org\/index.php\/mesure-7\/","title":{"rendered":"M7 risques bois mort"},"content":{"rendered":"\n<h2 class=\"wp-block-heading\">Partager la responsabilit\u00e9 <br>des risques de s\u00e9curit\u00e9 associ\u00e9s \u00e0 <br>la pr\u00e9sence de bois mort en for\u00eat<\/h2>\n\n\n\n<p><strong>R\u00e9viser les polices d\u2019assurance pour ne plus faire porter la responsabilit\u00e9 aux seuls propri\u00e9taires en cas d\u2019accidents en for\u00eat li\u00e9s \u00e0 la chute naturelle d\u2019arbres ou de branches.<\/strong><\/p>\n\n\n\n<h4 class=\"wp-block-heading\">Contexte \/ D\u00e9finitions\u2009:<\/h4>\n\n\n\n<p>Le bois mort sous toutes ses formes est le support de vie d\u2019un quart de la biodiversit\u00e9. Or le maintien d\u2019arbres s\u00e9nescents induit des risques de chutes d\u2019arbres et de branches importants et support\u00e9s jusqu\u2019ici uniquement par le propri\u00e9taire. Pour ne pas voir leur police d\u2019assurance augmenter fortement, les propri\u00e9taires et gestionnaires ont tendance \u00e0 supprimer le bois mort et les arbres s\u00e9nescents pour \u00e9viter tout risque d\u2019accident.<\/p>\n\n\n\n<h4 class=\"wp-block-heading\">R\u00e9glementation\u2009:<\/h4>\n\n\n\n<p>D\u00e9finir la for\u00eat comme un milieu naturel comportant des risques in\u00e9vitables, justifiant un r\u00e9gime d\u00e9rogatoire en mati\u00e8re de droit et d\u2019assurances.<\/p>\n","protected":false},"excerpt":{"rendered":"<p>Partager la responsabilit\u00e9 des risques de s\u00e9curit\u00e9 associ\u00e9s \u00e0 la pr\u00e9sence de bois mort en for\u00eat R\u00e9viser les polices d\u2019assurance pour ne plus faire porter la responsabilit\u00e9 aux seuls propri\u00e9taires [&hellip;]<\/p>\n","protected":false},"author":1,"featured_media":0,"parent":0,"menu_order":0,"comment_status":"closed","ping_status":"closed","template":"","meta":{"_acf_changed":false,"_gspb_post_css":"","_uag_custom_page_level_css":"","_EventAllDay":false,"_EventTimezone":"","_EventStartDate":"","_EventEndDate":"","_EventStartDateUTC":"","_EventEndDateUTC":"","_EventShowMap":false,"_EventShowMapLink":false,"_EventURL":"","_EventCost":"","_EventCostDescription":"","_EventCurrencySymbol":"","_EventCurrencyCode":"","_EventCurrencyPosition":"","_EventDateTimeSeparator":"","_EventTimeRangeSeparator":"","_EventOrganizerID":[],"_EventVenueID":[],"_OrganizerEmail":"","_OrganizerPhone":"","_OrganizerWebsite":"","_VenueAddress":"","_VenueCity":"","_VenueCountry":"","_VenueProvince":"","_VenueState":"","_VenueZip":"","_VenuePhone":"","_VenueURL":"","_VenueStateProvince":"","_VenueLat":"","_VenueLng":"","_VenueShowMap":false,"_VenueShowMapLink":false,"footnotes":""},"class_list":["post-869","page","type-page","status-publish","hentry"],"mb":[],"acf":[],"uagb_featured_image_src":{"full":false,"thumbnail":false,"medium":false,"medium_large":false,"large":false,"1536x1536":false,"2048x2048":false,"mailpoet_newsletter_max":false},"uagb_author_info":{"display_name":"admin7534","author_link":"https:\/\/sosforetfrance.org\/author\/admin7534\/"},"uagb_comment_info":0,"uagb_excerpt":"Partager la responsabilit\u00e9 des risques de s\u00e9curit\u00e9 associ\u00e9s \u00e0 la pr\u00e9sence de bois mort en for\u00eat R\u00e9viser les polices d\u2019assurance pour ne plus faire porter la responsabilit\u00e9 aux seuls propri\u00e9taires [&hellip;]","mfb_rest_fields":["title","uagb_featured_image_src","uagb_author_info","uagb_comment_info","uagb_excerpt"],"_links":{"self":[{"href":"https:\/\/sosforetfrance.org\/index.php\/wp-json\/wp\/v2\/pages\/869","targetHints":{"allow":["GET"]}}],"collection":[{"href":"https:\/\/sosforetfrance.org\/index.php\/wp-json\/wp\/v2\/pages"}],"about":[{"href":"https:\/\/sosforetfrance.org\/index.php\/wp-json\/wp\/v2\/types\/page"}],"author":[{"embeddable":true,"href":"https:\/\/sosforetfrance.org\/index.php\/wp-json\/wp\/v2\/users\/1"}],"replies":[{"embeddable":true,"href":"https:\/\/sosforetfrance.org\/index.php\/wp-json\/wp\/v2\/comments?post=869"}],"version-history":[{"count":0,"href":"https:\/\/sosforetfrance.org\/index.php\/wp-json\/wp\/v2\/pages\/869\/revisions"}],"wp:attachment":[{"href":"https:\/\/sosforetfrance.org\/index.php\/wp-json\/wp\/v2\/media?parent=869"}],"curies":[{"name":"wp","href":"https:\/\/api.w.org\/{rel}","templated":true}]}}