{"id":877,"date":"2020-02-11T12:17:25","date_gmt":"2020-02-11T11:17:25","guid":{"rendered":"https:\/\/sosforetfrance.org\/?page_id=877"},"modified":"2020-02-11T19:05:53","modified_gmt":"2020-02-11T18:05:53","slug":"mesure-11","status":"publish","type":"page","link":"https:\/\/sosforetfrance.org\/index.php\/mesure-11\/","title":{"rendered":"M11 conflits d&rsquo;int\u00e9r\u00eat"},"content":{"rendered":"\n<h2 class=\"wp-block-heading\">Mettre fin aux conflits d\u2019int\u00e9r\u00eat<\/h2>\n\n\n\n<p><strong>En for\u00eat priv\u00e9e, s\u00e9parer les fonctions de conseil en gestion foresti\u00e8re des fonctions de n\u00e9goce de bois, de fournisseurs de plants et de fournisseurs de travaux sylvicoles ou de desserte foresti\u00e8re. Harmoniser par d\u00e9cret les r\u00e8gles de d\u00e9ontologie entre Gestionnaires Forestiers Professionnels (GFP) et experts forestiers.<br> En for\u00eat publique la situation peut \u00eatre diff\u00e9rente dans la mesure o\u00f9 l\u2019ONF poursuit un r\u00e9el objectif de service au b\u00e9n\u00e9fice de la collectivit\u00e9\u2009: renforcer un service public forestier polyvalent incarn\u00e9 par l\u2019ONF, sans objectif de rentabilit\u00e9 court termiste, seul garant d\u2019une gestion multifonctionnelle conforme au R\u00e9gime forestier.<\/strong><\/p>\n\n\n\n<h4 class=\"wp-block-heading\">Contexte \/ D\u00e9finitions\u2009:<\/h4>\n\n\n\n<p>Le cumul des fonctions de conseil, de mise en \u0153uvre de prestations commerciales et de n\u00e9goce a entra\u00een\u00e9 une concentration des d\u00e9cisions au sein de grosses structures qui captent de plus en plus les diff\u00e9rents maillons de la fili\u00e8re priv\u00e9e et privent les propri\u00e9taires de leurs choix de gestion. Cette situation instaure des monopoles, r\u00e9duit la transparence et nuit \u00e0 la libert\u00e9 des propri\u00e9taires.<\/p>\n\n\n\n<h4 class=\"wp-block-heading\">R\u00e9glementation\u2009:<\/h4>\n\n\n\n<p>Instaurer des r\u00e8gles communes aux gestionnaires forestiers priv\u00e9s de divers statuts, supprimant a minima la possibilit\u00e9 de regrouper au sein d\u2019une prestation globale les activit\u00e9s de conseil avec l\u2019une des activit\u00e9s suivantes\u2009:<br> \u2022 Achat et n\u00e9goce de bois<br> \u2022 Vente de plants, prestations de travaux de sylviculture et de desserte foresti\u00e8re<br> \u2022 D\u00e9tention de fonds relatif aux actifs du propri\u00e9taire.<\/p>\n","protected":false},"excerpt":{"rendered":"<p>Mettre fin aux conflits d\u2019int\u00e9r\u00eat En for\u00eat priv\u00e9e, s\u00e9parer les fonctions de conseil en gestion foresti\u00e8re des fonctions de n\u00e9goce de bois, de fournisseurs de plants et de fournisseurs de [&hellip;]<\/p>\n","protected":false},"author":1,"featured_media":0,"parent":0,"menu_order":0,"comment_status":"closed","ping_status":"closed","template":"","meta":{"_acf_changed":false,"_gspb_post_css":"","_uag_custom_page_level_css":"","_EventAllDay":false,"_EventTimezone":"","_EventStartDate":"","_EventEndDate":"","_EventStartDateUTC":"","_EventEndDateUTC":"","_EventShowMap":false,"_EventShowMapLink":false,"_EventURL":"","_EventCost":"","_EventCostDescription":"","_EventCurrencySymbol":"","_EventCurrencyCode":"","_EventCurrencyPosition":"","_EventDateTimeSeparator":"","_EventTimeRangeSeparator":"","_EventOrganizerID":[],"_EventVenueID":[],"_OrganizerEmail":"","_OrganizerPhone":"","_OrganizerWebsite":"","_VenueAddress":"","_VenueCity":"","_VenueCountry":"","_VenueProvince":"","_VenueState":"","_VenueZip":"","_VenuePhone":"","_VenueURL":"","_VenueStateProvince":"","_VenueLat":"","_VenueLng":"","_VenueShowMap":false,"_VenueShowMapLink":false,"footnotes":""},"class_list":["post-877","page","type-page","status-publish","hentry"],"mb":[],"acf":[],"uagb_featured_image_src":{"full":false,"thumbnail":false,"medium":false,"medium_large":false,"large":false,"1536x1536":false,"2048x2048":false,"mailpoet_newsletter_max":false},"uagb_author_info":{"display_name":"admin7534","author_link":"https:\/\/sosforetfrance.org\/author\/admin7534\/"},"uagb_comment_info":0,"uagb_excerpt":"Mettre fin aux conflits d\u2019int\u00e9r\u00eat En for\u00eat priv\u00e9e, s\u00e9parer les fonctions de conseil en gestion foresti\u00e8re des fonctions de n\u00e9goce de bois, de fournisseurs de plants et de fournisseurs de [&hellip;]","mfb_rest_fields":["title","uagb_featured_image_src","uagb_author_info","uagb_comment_info","uagb_excerpt"],"_links":{"self":[{"href":"https:\/\/sosforetfrance.org\/index.php\/wp-json\/wp\/v2\/pages\/877","targetHints":{"allow":["GET"]}}],"collection":[{"href":"https:\/\/sosforetfrance.org\/index.php\/wp-json\/wp\/v2\/pages"}],"about":[{"href":"https:\/\/sosforetfrance.org\/index.php\/wp-json\/wp\/v2\/types\/page"}],"author":[{"embeddable":true,"href":"https:\/\/sosforetfrance.org\/index.php\/wp-json\/wp\/v2\/users\/1"}],"replies":[{"embeddable":true,"href":"https:\/\/sosforetfrance.org\/index.php\/wp-json\/wp\/v2\/comments?post=877"}],"version-history":[{"count":0,"href":"https:\/\/sosforetfrance.org\/index.php\/wp-json\/wp\/v2\/pages\/877\/revisions"}],"wp:attachment":[{"href":"https:\/\/sosforetfrance.org\/index.php\/wp-json\/wp\/v2\/media?parent=877"}],"curies":[{"name":"wp","href":"https:\/\/api.w.org\/{rel}","templated":true}]}}