{"id":11542,"date":"2025-03-03T14:54:35","date_gmt":"2025-03-03T13:54:35","guid":{"rendered":"https:\/\/sosforetfrance.org\/?post_type=tribe_events&#038;p=11542"},"modified":"2025-03-03T14:54:35","modified_gmt":"2025-03-03T13:54:35","slug":"conference-geopolitique-de-la-deforestation-et-de-la-degradation-des-forets","status":"publish","type":"tribe_events","link":"https:\/\/sosforetfrance.org\/index.php\/date\/conference-geopolitique-de-la-deforestation-et-de-la-degradation-des-forets\/","title":{"rendered":"[conf\u00e9rence] G\u00e9opolitique de la d\u00e9forestation et de la d\u00e9gradation des for\u00eats"},"content":{"rendered":"<h3>En \u00e9cho \u00e0 l\u2019exposition <em>Apocalypse. Hier et demain<\/em>, la Biblioth\u00e8que Nationale de France organise un colloque \u00ab\u00a0G\u00e9ographie de la fin d&rsquo;un monde\u00a0\u00bb pour montrer comment la g\u00e9ographie peut aider \u00e0 mieux comprendre les grands d\u00e9fis de notre temps, que ce soit la gestion des risques climatiques ou celle des ressources. Cinq conf\u00e9rences y sont propos\u00e9es, dont celle de Mo\u00efse Tsayem Demaze, g\u00e9ographe, professeur \u00e0 l&rsquo;universit\u00e9 du Mans : \u00ab\u00a0G\u00e9opolitique de la d\u00e9forestation et de la d\u00e9gradation des for\u00eats\u00a0\u00bb.<\/h3>\n<p>La d\u00e9forestation et la d\u00e9gradation des for\u00eats sont d\u2019autant pr\u00e9occupantes qu\u2019elles contribuent au r\u00e9chauffement de la Terre et donc aux changements climatiques. La destruction des for\u00eats, en particulier dans la zone intertropicale (Amazonie, Afrique centrale, Asie du Sud-Est), est r\u00e9v\u00e9latrice des rapports de force et des tensions entre diverses cat\u00e9gories d\u2019acteurs\u00a0: les pays d\u00e9velopp\u00e9s et les pays en d\u00e9veloppement, les firmes agro-industrielles et les agriculteurs et paysans, etc.<\/p>\n<p>Au-del\u00e0 des cons\u00e9quences sur le climat de la Terre, la d\u00e9forestation et la d\u00e9gradation des for\u00eats contribuent \u00e0 l\u2019\u00e9rosion de la biodiversit\u00e9, aux conflits d\u2019occupation du sol, aux in\u00e9galit\u00e9s socio-\u00e9conomiques. Plusieurs dispositifs ont \u00e9merg\u00e9 et sont d\u00e9ploy\u00e9s pour lutter contre la destruction des for\u00eats. La conf\u00e9rence met en \u00e9vidence et analyse les dimensions g\u00e9opolitiques de deux dispositifs\u00a0: la certification de la gestion durable et la REDD+ (r\u00e9duction des \u00e9missions issues de la d\u00e9forestation et de la d\u00e9gradation des for\u00eats dans les pays en d\u00e9veloppement). Des focus sont propos\u00e9s sur l\u2019Amazonie et le Bassin du\u00a0Congo.<\/p>\n<p>Toutes <a href=\"https:\/\/www.bnf.fr\/fr\/agenda\/geographie-de-la-fin-dun-monde\" target=\"_blank\" rel=\"noopener\">les infos sur le colloque ici<\/a>.<\/p>\n<p>L&rsquo;acc\u00e8s est gratuit, mais <a href=\"https:\/\/bnf.tickeasy.com\/fr-FR\/produit\" target=\"_blank\" rel=\"noopener\">la r\u00e9servation fortement conseill\u00e9e ici.<\/a><\/p>\n","protected":false},"excerpt":{"rendered":"<p>En \u00e9cho \u00e0 l\u2019exposition Apocalypse. Hier et demain, la Biblioth\u00e8que Nationale de France organise un colloque \u00ab\u00a0G\u00e9ographie de la fin d&rsquo;un monde\u00a0\u00bb pour montrer comment la g\u00e9ographie peut aider \u00e0 [&hellip;]<\/p>\n","protected":false},"author":10,"featured_media":11543,"template":"","meta":{"_acf_changed":false,"_gspb_post_css":"","_uag_custom_page_level_css":"","_EventAllDay":false,"_EventTimezone":"Europe\/Paris","_EventStartDate":"2025-03-05 14:00:00","_EventEndDate":"2025-03-05 18:00:00","_EventStartDateUTC":"2025-03-05 13:00:00","_EventEndDateUTC":"2025-03-05 17:00:00","_EventShowMap":true,"_EventShowMapLink":true,"_EventURL":"https:\/\/www.bnf.fr\/fr\/agenda\/geographie-de-la-fin-dun-monde","_EventCost":"","_EventCostDescription":"","_EventCurrencySymbol":"\u20ac","_EventCurrencyCode":"EUR","_EventCurrencyPosition":"suffix","_EventDateTimeSeparator":"","_EventTimeRangeSeparator":"","_EventOrganizerID":[11545],"_EventVenueID":[11544],"_OrganizerEmail":"","_OrganizerPhone":"","_OrganizerWebsite":"","_VenueAddress":"","_VenueCity":"","_VenueCountry":"","_VenueProvince":"","_VenueState":"","_VenueZip":"","_VenuePhone":"","_VenueURL":"","_VenueStateProvince":"","_VenueLat":"","_VenueLng":"","_VenueShowMap":false,"_VenueShowMapLink":false,"_tribe_events_status":"","_tribe_events_status_reason":"","footnotes":""},"tags":[139,276],"tribe_events_cat":[126],"class_list":["post-11542","tribe_events","type-tribe_events","status-publish","has-post-thumbnail","hentry","tag-climat","tag-geographie","tribe_events_cat-education-populaire","cat_education-populaire"],"acf":[],"uagb_featured_image_src":{"full":["https:\/\/sosforetfrance.org\/wp-content\/uploads\/2025\/03\/BNF.jpg",1000,563,false],"thumbnail":["https:\/\/sosforetfrance.org\/wp-content\/uploads\/2025\/03\/BNF-150x150.jpg",150,150,true],"medium":["https:\/\/sosforetfrance.org\/wp-content\/uploads\/2025\/03\/BNF-300x169.jpg",300,169,true],"medium_large":["https:\/\/sosforetfrance.org\/wp-content\/uploads\/2025\/03\/BNF-768x432.jpg",768,432,true],"large":["https:\/\/sosforetfrance.org\/wp-content\/uploads\/2025\/03\/BNF.jpg",1000,563,false],"1536x1536":["https:\/\/sosforetfrance.org\/wp-content\/uploads\/2025\/03\/BNF.jpg",1000,563,false],"2048x2048":["https:\/\/sosforetfrance.org\/wp-content\/uploads\/2025\/03\/BNF.jpg",1000,563,false],"mailpoet_newsletter_max":["https:\/\/sosforetfrance.org\/wp-content\/uploads\/2025\/03\/BNF.jpg",1000,563,false]},"uagb_author_info":{"display_name":"Marie-Anne Guillemain","author_link":"https:\/\/sosforetfrance.org\/author\/mag\/"},"uagb_comment_info":0,"uagb_excerpt":"En \u00e9cho \u00e0 l\u2019exposition Apocalypse. Hier et demain, la Biblioth\u00e8que Nationale de France organise un colloque \u00ab\u00a0G\u00e9ographie de la fin d&rsquo;un monde\u00a0\u00bb pour montrer comment la g\u00e9ographie peut aider \u00e0 [&hellip;]","_links":{"self":[{"href":"https:\/\/sosforetfrance.org\/index.php\/wp-json\/wp\/v2\/tribe_events\/11542","targetHints":{"allow":["GET"]}}],"collection":[{"href":"https:\/\/sosforetfrance.org\/index.php\/wp-json\/wp\/v2\/tribe_events"}],"about":[{"href":"https:\/\/sosforetfrance.org\/index.php\/wp-json\/wp\/v2\/types\/tribe_events"}],"author":[{"embeddable":true,"href":"https:\/\/sosforetfrance.org\/index.php\/wp-json\/wp\/v2\/users\/10"}],"version-history":[{"count":1,"href":"https:\/\/sosforetfrance.org\/index.php\/wp-json\/wp\/v2\/tribe_events\/11542\/revisions"}],"predecessor-version":[{"id":11546,"href":"https:\/\/sosforetfrance.org\/index.php\/wp-json\/wp\/v2\/tribe_events\/11542\/revisions\/11546"}],"wp:featuredmedia":[{"embeddable":true,"href":"https:\/\/sosforetfrance.org\/index.php\/wp-json\/wp\/v2\/media\/11543"}],"wp:attachment":[{"href":"https:\/\/sosforetfrance.org\/index.php\/wp-json\/wp\/v2\/media?parent=11542"}],"wp:term":[{"taxonomy":"post_tag","embeddable":true,"href":"https:\/\/sosforetfrance.org\/index.php\/wp-json\/wp\/v2\/tags?post=11542"},{"taxonomy":"tribe_events_cat","embeddable":true,"href":"https:\/\/sosforetfrance.org\/index.php\/wp-json\/wp\/v2\/tribe_events_cat?post=11542"}],"curies":[{"name":"wp","href":"https:\/\/api.w.org\/{rel}","templated":true}]}}