{"id":7274,"date":"2024-06-05T19:38:44","date_gmt":"2024-06-05T17:38:44","guid":{"rendered":"https:\/\/sosforetfrance.org\/?post_type=tribe_events&#038;p=7274"},"modified":"2024-06-25T11:04:58","modified_gmt":"2024-06-25T09:04:58","slug":"jura-la-foret-gronde","status":"publish","type":"tribe_events","link":"https:\/\/sosforetfrance.org\/index.php\/date\/jura-la-foret-gronde\/","title":{"rendered":"Jura : la for\u00eat gronde"},"content":{"rendered":"<div  class=\"tribe-events-schedule tribe-clearfix\" >\n\t<p class=\"tribe-events-schedule__datetime\">\n\t\t<span class=\"tribe-events-schedule__date tribe-events-schedule__date--start\">\n\t\t\t22 juin 2024\t\t<\/span>\n\n\t\t\n\t\t\t\t\t\t\t\t\t<span class=\"tribe-events-schedule__separator tribe-events-schedule__separator--time\">\n\t\t\t\t\t &#8211; \t\t\t\t<\/span>\n\t\t\t\n\t\t\t\t\t\t\t<span class=\"tribe-events-schedule__date tribe-events-schedule__date--end\">\n\t\t\t\t\t23 juin 2024\t\t\t\t<\/span>\n\n\t\t\t\t\n\t\t\t\n\t\t\t\t\t\t<\/p>\n<\/div>\n\r\n<p>&nbsp;<\/p>\r\n<div class=\"tribe-events-event-image\"><img loading=\"lazy\" decoding=\"async\" width=\"800\" height=\"450\" src=\"https:\/\/sosforetfrance.org\/wp-content\/uploads\/2024\/06\/visuellaforetgronde-1.jpg\" class=\"attachment-full size-full wp-post-image\" alt=\"\" srcset=\"https:\/\/sosforetfrance.org\/wp-content\/uploads\/2024\/06\/visuellaforetgronde-1.jpg 800w, https:\/\/sosforetfrance.org\/wp-content\/uploads\/2024\/06\/visuellaforetgronde-1-300x169.jpg 300w, https:\/\/sosforetfrance.org\/wp-content\/uploads\/2024\/06\/visuellaforetgronde-1-768x432.jpg 768w\" sizes=\"auto, (max-width: 800px) 100vw, 800px\" \/><\/div>\r\n\r\n<header class=\"col-md-12\">\r\n<div class=\"chapo\">\r\n<h3><strong>Mobilisation les 22 et 23 juin 2024 pour d\u00e9fendre les for\u00eats du plateau de Balerne, entre Loulle et Mont-sur-Monnet (Jura) menac\u00e9es par des projets de parc photovolta\u00efque :<\/strong><\/h3>\r\n<ul>\r\n<li>samedi\u00a0: balades et actions naturalistes, tables rondes sur la \u00ab\u00a0transition\u00a0\u00bb \u00e9nerg\u00e9tique et sur les plus de 25\u00a0projets de parcs photovolta\u00efques au sol;<\/li>\r\n<li>dimanche\u00a0: descente symbolique des panneaux photovolta\u00eeques du plateau de Balerne et grande manifestation de Ney \u00e0 Champagnole.<\/li>\r\n<\/ul>\r\n<\/div>\r\n<\/header>\r\n<div class=\"col-md-12\">\r\n<div class=\"article-texte surlignable\">\r\n<figure style=\"width: 375px\" class=\"wp-caption alignright\"><img loading=\"lazy\" decoding=\"async\" class=\"pswp__img\" src=\"https:\/\/rabasse.info\/IMG\/png\/carteprojet-min.png\" alt=\"carte des espaces concern\u00e9s par les projets de parcs photovolta\u00efques de Loulle et Mont-sur-Monnet\" width=\"375\" height=\"215\" \/><figcaption class=\"wp-caption-text\">Les espaces concern\u00e9s par les projets de parcs photovolta\u00efques de Loulle et Mont-sur-Monnet<\/figcaption><\/figure>\r\nDepuis mars 2020, C\u00e9vennes energy porte un projet de parc photovolta\u00efque au sol en app\u00e2tant les communes rurales de Loulle et Mont-sur-Monnet avec des perspectives de recettes nouvelles. Prospectant d\u2019abord sur 450 hectares de terres, le d\u00e9veloppeur propose un premier projet de 122 hectares, puis d\u00e9pose une premi\u00e8re demande de permis de construire portant sur 87 hectares, en esp\u00e9rant ainsi installer l\u2019id\u00e9e qu\u2019il aurait d\u00e9j\u00e0 beaucoup r\u00e9duit ses impacts. Pour cr\u00e9er l\u2019illusion d\u2019un ancrage local, ce projet pilot\u00e9 par une holding depuis le Gard s\u2019appuie aussi sur la Soci\u00e9t\u00e9 d\u2019\u00e9conomie mixte ENR Citoyenne, qui compte parmi ses actionnaires les syndicats intercommunaux d\u2019\u00e9nergie du Doubs et du Jura, ainsi que le Conseil r\u00e9gional de Bourgogne Franche-Comt\u00e9&#8230; [lire la suite sur <a href=\"https:\/\/rabasse.info\/22-et-23-juin-a-Loulle-Mont-sur-Monnet-39-La-foret-gronde-le-photovoltaique-sur-091\" target=\"_blank\" rel=\"noopener\">Rabasse.info]<\/a><\/div>\r\n<\/div>\r\n\r\n\r\n\t<div  class=\"tribe-block tribe-block__events-link\" >\n\t\t<div class=\"tribe-events tribe-common\">\n\t\t\t<div class=\"tribe-events-c-subscribe-dropdown__container\">\n\t\t\t\t<div class=\"tribe-events-c-subscribe-dropdown\">\n\t\t\t\t\t<div class=\"tribe-common-c-btn-border tribe-events-c-subscribe-dropdown__button\">\n\t\t\t\t\t\t<svg\n\t class=\"tribe-common-c-svgicon tribe-common-c-svgicon--cal-export tribe-events-c-subscribe-dropdown__export-icon\" \taria-hidden=\"true\"\n\tviewBox=\"0 0 23 17\"\n\txmlns=\"http:\/\/www.w3.org\/2000\/svg\"\n>\n\t<path fill-rule=\"evenodd\" clip-rule=\"evenodd\" d=\"M.128.896V16.13c0 .211.145.383.323.383h15.354c.179 0 .323-.172.323-.383V.896c0-.212-.144-.383-.323-.383H.451C.273.513.128.684.128.896Zm16 6.742h-.901V4.679H1.009v10.729h14.218v-3.336h.901V7.638ZM1.01 1.614h14.218v2.058H1.009V1.614Z\" \/>\n\t<path d=\"M20.5 9.846H8.312M18.524 6.953l2.89 2.909-2.855 2.855\" stroke-width=\"1.2\" stroke-linecap=\"round\" stroke-linejoin=\"round\"\/>\n<\/svg>\n\t\t\t\t\t\t<button\n\t\t\t\t\t\t\tclass=\"tribe-events-c-subscribe-dropdown__button-text\"\n\t\t\t\t\t\t\taria-expanded=\"false\"\n\t\t\t\t\t\t\taria-controls=\"tribe-events-subscribe-dropdown-content\"\n\t\t\t\t\t\t\taria-label=\"Afficher les liens permettant d\u2019ajouter des \u00e9v\u00e8nements \u00e0 votre calendrier\"\n\t\t\t\t\t\t>\n\t\t\t\t\t\t\tAjouter au calendrier\t\t\t\t\t\t<\/button>\n\t\t\t\t\t\t<svg\n\t class=\"tribe-common-c-svgicon tribe-common-c-svgicon--caret-down tribe-events-c-subscribe-dropdown__button-icon\" \taria-hidden=\"true\"\n\tviewBox=\"0 0 10 7\"\n\txmlns=\"http:\/\/www.w3.org\/2000\/svg\"\n>\n\t<path fill-rule=\"evenodd\" clip-rule=\"evenodd\" d=\"M1.008.609L5 4.6 8.992.61l.958.958L5 6.517.05 1.566l.958-.958z\" class=\"tribe-common-c-svgicon__svg-fill\"\/>\n<\/svg>\n\t\t\t\t\t<\/div>\n\t\t\t\t\t<div id=\"tribe-events-subscribe-dropdown-content\" class=\"tribe-events-c-subscribe-dropdown__content\">\n\t\t\t\t\t\t<ul class=\"tribe-events-c-subscribe-dropdown__list\">\n\t\t\t\t\t\t\t\t\t\t\t\t\t\t\t<li class=\"tribe-events-c-subscribe-dropdown__list-item tribe-events-c-subscribe-dropdown__list-item--gcal\">\n\t\t\t\t\t\t\t\t\t<a href=\"https:\/\/www.google.com\/calendar\/event?action=TEMPLATE&#038;dates=20240622T000000\/20240623T235959&#038;text=Jura%20%3A%20la%20for%C3%AAt%20gronde&#038;details=%3Cp%3E%26nbsp%3B%3C%2Fp%3E+%3Cheader+class%3D%22col-md-12%22%3E%3Cdiv+class%3D%22chapo%22%3E%3Ch3%3E%3Cstrong%3EMobilisation+les+22+et+23+juin+2024+pour+d%C3%A9fendre+les+for%C3%AAts+du+plateau+de+Balerne%2C+entre+Loulle+et+Mont-sur-Monnet+%28Jura%29+menac%C3%A9es+par+des+projets+de+parc+photovolta%C3%AFque+%3A%3C%2Fstrong%3E%3C%2Fh3%3E%3Cul%3E%3Cli%3Esamedi%C2%A0%3A+balades+et+actions+naturalistes%2C+tables+rondes+sur+la+%22transition%22+%C3%A9nerg%C3%A9tique+et+sur+les+plus+de+25%C2%A0projets+de+parcs+photovolta%C3%AFques+au+sol%3B%3C%2Fli%3E%3Cli%3Edimanche%C2%A0%3A+descente+symbolique+des+panneaux+photovolta%C3%AEques+du+plateau+de+Balerne+et+grande+manifestation+de+Ney+%C3%A0+Champagnole.%3C%2Fli%3E%3C%2Ful%3E%3C%2Fdiv%3E%3C%2Fheader%3E%3Cdiv+class%3D%22col-md-12%22%3E%3Cdiv+class%3D%22article-texte+surlignable%22%3E%5Bcaption+id%3D%22%22+align%3D%22alignright%22+width%3D%22375%22%5D%3Cimg+class%3D%22pswp__img%22+src%3D%22https%3A%2F%2Frabasse.info%2FIMG%2Fpng%2Fcarteprojet-min.png%22+alt%3D%22carte+des+espaces+concern%C3%A9s+par+les+projets+de+parcs+photovolta%C3%AFques+de+Loulle+et+Mont-sur-Monnet%22+width%3D%22375%22+height%3D%22215%22+%2F%3E+Les+espaces+concern%C3%A9s+par+les+projets+de+parcs+photovolta%3C%2Fdiv%3E%3C%2Fdiv%3E%28Voir+toute+la+description+de+%C3%A9v%C3%A8nement+ici%C2%A0%3A+https%3A%2F%2Fsosforetfrance.org%2Findex.php%2Fdate%2Fjura-la-foret-gronde%2F%29&#038;trp=false&#038;ctz=Europe\/Paris&#038;sprop=website:https:\/\/sosforetfrance.org\" class=\"tribe-events-c-subscribe-dropdown__list-item-link\" target=\"_blank\" rel=\"noopener noreferrer nofollow noindex\">\n\t\t\t\t\t\t\t\t\t\tGoogle Agenda\t\t\t\t\t\t\t\t\t<\/a>\n\t\t\t\t\t\t\t\t<\/li>\n\t\t\t\t\t\t\t\t\t\t\t\t\t\t\t<li class=\"tribe-events-c-subscribe-dropdown__list-item tribe-events-c-subscribe-dropdown__list-item--ical\">\n\t\t\t\t\t\t\t\t\t<a\n\t\t\t\t\t\t\t\t\t\thref=\"\"\n\t\t\t\t\t\t\t\t\t\tclass=\"tribe-events-c-subscribe-dropdown__list-item-link\"\n\t\t\t\t\t\t\t\t\t\ttarget=\"_blank\"\n\t\t\t\t\t\t\t\t\t\trel=\"noopener noreferrer nofollow noindex\"\n\t\t\t\t\t\t\t\t\t>\n\t\t\t\t\t\t\t\t\t\tiCalendar\t\t\t\t\t\t\t\t\t<\/a>\n\t\t\t\t\t\t\t\t<\/li>\n\t\t\t\t\t\t\t\t\t\t\t\t\t\t\t<li class=\"tribe-events-c-subscribe-dropdown__list-item tribe-events-c-subscribe-dropdown__list-item--outlook-365\">\n\t\t\t\t\t\t\t\t\t<a\n\t\t\t\t\t\t\t\t\t\thref=\"\"\n\t\t\t\t\t\t\t\t\t\tclass=\"tribe-events-c-subscribe-dropdown__list-item-link\"\n\t\t\t\t\t\t\t\t\t\ttarget=\"_blank\"\n\t\t\t\t\t\t\t\t\t\trel=\"noopener noreferrer nofollow noindex\"\n\t\t\t\t\t\t\t\t\t>\n\t\t\t\t\t\t\t\t\t\tOutlook 365\t\t\t\t\t\t\t\t\t<\/a>\n\t\t\t\t\t\t\t\t<\/li>\n\t\t\t\t\t\t\t\t\t\t\t\t\t\t\t<li class=\"tribe-events-c-subscribe-dropdown__list-item tribe-events-c-subscribe-dropdown__list-item--outlook-live\">\n\t\t\t\t\t\t\t\t\t<a\n\t\t\t\t\t\t\t\t\t\thref=\"\"\n\t\t\t\t\t\t\t\t\t\tclass=\"tribe-events-c-subscribe-dropdown__list-item-link\"\n\t\t\t\t\t\t\t\t\t\ttarget=\"_blank\"\n\t\t\t\t\t\t\t\t\t\trel=\"noopener noreferrer nofollow noindex\"\n\t\t\t\t\t\t\t\t\t>\n\t\t\t\t\t\t\t\t\t\tOutlook Live\t\t\t\t\t\t\t\t\t<\/a>\n\t\t\t\t\t\t\t\t<\/li>\n\t\t\t\t\t\t\t\t\t\t\t\t\t<\/ul>\n\t\t\t\t\t<\/div>\n\t\t\t\t<\/div>\n\t\t\t<\/div>\n\t\t<\/div>\n\t<\/div>\n\n\r\n\r\n<div  class=\"tribe-events-single-section tribe-events-event-meta primary tribe-clearfix\" >\n\t\n\t\n<div class=\"tribe-events-meta-group tribe-events-meta-group-details\">\n\t<h3 class=\"tribe-events-single-section-title\">\n\t\t\t\t\tD\u00e9tails\t\t\n\t<\/h3>\n\t<ul class=\"tribe-events-meta-list\">\n\n\t\t\n\t\t\t<li class=\"tribe-events-meta-item\">\n\t\t\t\t<span class=\"tribe-events-meta-label\">D\u00e9but\u00a0:<\/span>\n\t\t\t\t<span class=\"tribe-events-meta-value\">\n\t\t\t\t\t<abbr class=\"tribe-events-abbr tribe-events-start-datetime published dtstart\" title=\"2024-06-22\"> 22 juin 2024 <\/abbr>\n\t\t\t\t<\/span>\n\t\t\t<\/li>\n\n\t\t\t<li class=\"tribe-events-meta-item\">\n\t\t\t\t<span class=\"tribe-events-meta-label\">Fin\u00a0:<\/span>\n\t\t\t\t<span class=\"tribe-events-meta-value\">\n\t\t\t\t\t<abbr class=\"tribe-events-abbr dtend\" title=\"2024-06-23\"> 23 juin 2024 <\/abbr>\n\t\t\t\t<\/span>\n\t\t\t<\/li>\n\n\t\t\n\t\t\n\t\t\n\t\t<li class=\"tribe-events-meta-item\"><span class=\"tribe-events-event-categories-label tribe-events-meta-label\">Cat\u00e9gorie d\u2019\u00c9v\u00e8nement:<\/span> <span class=\"tribe-events-event-categories tribe-events-meta-value\"><a href=\"https:\/\/sosforetfrance.org\/index.php\/agenda\/categorie\/mobilisation\/\" rel=\"tag\">mobilisation<\/a><\/span><\/li>\n\t\t<li class=\"tribe-events-meta-item\"><span class=\"tribe-event-tags-label tribe-events-meta-label\">\u00c9v\u00e8nement Tags:<\/span><span class=\"tribe-event-tags tribe-events-meta-value\"><a href=\"https:\/\/sosforetfrance.org\/agenda\/etiquette\/39300\/\" rel=\"tag\">39300<\/a>, <a href=\"https:\/\/sosforetfrance.org\/agenda\/etiquette\/jura\/\" rel=\"tag\">Jura<\/a>, <a href=\"https:\/\/sosforetfrance.org\/agenda\/etiquette\/loulle\/\" rel=\"tag\">Loulle<\/a>, <a href=\"https:\/\/sosforetfrance.org\/agenda\/etiquette\/mont-sur-monnet\/\" rel=\"tag\">Mont-sur-Monnet<\/a>, <a href=\"https:\/\/sosforetfrance.org\/agenda\/etiquette\/photovoltaique\/\" rel=\"tag\">photovolta\u00efque<\/a><\/span><\/li>\n\t\t\n\t\t\t<\/ul>\n<\/div>\n\t\n\t<\/div>\n\r\n\r\n<div  class=\"tribe-block tribe-block__venue tribe-clearfix tribe-block__venue--has-map\" >\n\t\n\t\t\n\t<\/div>\n","protected":false},"excerpt":{"rendered":"<p>&nbsp; Mobilisation les 22 et 23 juin 2024 pour d\u00e9fendre les for\u00eats du plateau de Balerne, entre Loulle et Mont-sur-Monnet (Jura) menac\u00e9es par des projets de parc photovolta\u00efque : samedi\u00a0: [&hellip;]<\/p>\n","protected":false},"author":10,"featured_media":7281,"template":"","meta":{"_acf_changed":false,"_gspb_post_css":"","_uag_custom_page_level_css":"","_EventAllDay":true,"_EventTimezone":"Europe\/Paris","_EventStartDate":"2024-06-22 00:00:00","_EventEndDate":"2024-06-23 23:59:59","_EventStartDateUTC":"2024-06-21 22:00:00","_EventEndDateUTC":"2024-06-23 21:59:59","_EventShowMap":true,"_EventShowMapLink":true,"_EventURL":"","_EventCost":"","_EventCostDescription":"","_EventCurrencySymbol":"\u20ac","_EventCurrencyCode":"EUR\t\t\t\t\t\t\tclass=\t\t\t\t\t\t\tclass=\t\t\t\t\t\t\tclass=\t\t\t\t\t\t\tclass=\t\t\t\t\t\t\tclass=\t\t\t\t\t\t\tclass=\t\t\t\t\t\t\tclass=\t\t\t\t\t\t\tclass=\t\t\t\t\t\t\tclass=\t\t\t\t\t\t\tclass=\t\t\t\t\t\t\tclass=\t\t\t\t\t\t\tclass=","_EventCurrencyPosition":"suffix","_EventDateTimeSeparator":"","_EventTimeRangeSeparator":"","_EventOrganizerID":[],"_EventVenueID":[],"_OrganizerEmail":"","_OrganizerPhone":"","_OrganizerWebsite":"","_VenueAddress":"","_VenueCity":"","_VenueCountry":"","_VenueProvince":"","_VenueState":"","_VenueZip":"","_VenuePhone":"","_VenueURL":"","_VenueStateProvince":"","_VenueLat":"","_VenueLng":"","_VenueShowMap":false,"_VenueShowMapLink":false,"_tribe_events_status":"","_tribe_events_status_reason":"","footnotes":""},"tags":[75,74,76,77,73],"tribe_events_cat":[72],"class_list":["post-7274","tribe_events","type-tribe_events","status-publish","has-post-thumbnail","hentry","tag-75","tag-jura","tag-loulle","tag-mont-sur-monnet","tag-photovoltaique","tribe_events_cat-mobilisation","cat_mobilisation"],"acf":[],"uagb_featured_image_src":{"full":["https:\/\/sosforetfrance.org\/wp-content\/uploads\/2024\/06\/visuellaforetgronde-1.jpg",800,450,false],"thumbnail":["https:\/\/sosforetfrance.org\/wp-content\/uploads\/2024\/06\/visuellaforetgronde-1-150x150.jpg",150,150,true],"medium":["https:\/\/sosforetfrance.org\/wp-content\/uploads\/2024\/06\/visuellaforetgronde-1-300x169.jpg",300,169,true],"medium_large":["https:\/\/sosforetfrance.org\/wp-content\/uploads\/2024\/06\/visuellaforetgronde-1-768x432.jpg",768,432,true],"large":["https:\/\/sosforetfrance.org\/wp-content\/uploads\/2024\/06\/visuellaforetgronde-1.jpg",800,450,false],"1536x1536":["https:\/\/sosforetfrance.org\/wp-content\/uploads\/2024\/06\/visuellaforetgronde-1.jpg",800,450,false],"2048x2048":["https:\/\/sosforetfrance.org\/wp-content\/uploads\/2024\/06\/visuellaforetgronde-1.jpg",800,450,false],"mailpoet_newsletter_max":["https:\/\/sosforetfrance.org\/wp-content\/uploads\/2024\/06\/visuellaforetgronde-1.jpg",800,450,false]},"uagb_author_info":{"display_name":"Marie-Anne Guillemain","author_link":"https:\/\/sosforetfrance.org\/author\/mag\/"},"uagb_comment_info":0,"uagb_excerpt":"&nbsp; Mobilisation les 22 et 23 juin 2024 pour d\u00e9fendre les for\u00eats du plateau de Balerne, entre Loulle et Mont-sur-Monnet (Jura) menac\u00e9es par des projets de parc photovolta\u00efque : samedi\u00a0: [&hellip;]","_links":{"self":[{"href":"https:\/\/sosforetfrance.org\/index.php\/wp-json\/wp\/v2\/tribe_events\/7274","targetHints":{"allow":["GET"]}}],"collection":[{"href":"https:\/\/sosforetfrance.org\/index.php\/wp-json\/wp\/v2\/tribe_events"}],"about":[{"href":"https:\/\/sosforetfrance.org\/index.php\/wp-json\/wp\/v2\/types\/tribe_events"}],"author":[{"embeddable":true,"href":"https:\/\/sosforetfrance.org\/index.php\/wp-json\/wp\/v2\/users\/10"}],"version-history":[{"count":0,"href":"https:\/\/sosforetfrance.org\/index.php\/wp-json\/wp\/v2\/tribe_events\/7274\/revisions"}],"wp:featuredmedia":[{"embeddable":true,"href":"https:\/\/sosforetfrance.org\/index.php\/wp-json\/wp\/v2\/media\/7281"}],"wp:attachment":[{"href":"https:\/\/sosforetfrance.org\/index.php\/wp-json\/wp\/v2\/media?parent=7274"}],"wp:term":[{"taxonomy":"post_tag","embeddable":true,"href":"https:\/\/sosforetfrance.org\/index.php\/wp-json\/wp\/v2\/tags?post=7274"},{"taxonomy":"tribe_events_cat","embeddable":true,"href":"https:\/\/sosforetfrance.org\/index.php\/wp-json\/wp\/v2\/tribe_events_cat?post=7274"}],"curies":[{"name":"wp","href":"https:\/\/api.w.org\/{rel}","templated":true}]}}